{"id":46949,"date":"2025-05-07T11:29:29","date_gmt":"2025-05-07T09:29:29","guid":{"rendered":"https:\/\/itech.lukasiewicz.gov.pl\/?post_type=wyniki_naborow_nowe&#038;p=46949"},"modified":"2025-05-08T08:42:02","modified_gmt":"2025-05-08T06:42:02","slug":"glowny-specjalista-w-dziale-polityk-publicznych","status":"publish","type":"wyniki_naborow_nowe","link":"https:\/\/itech.lukasiewicz.gov.pl\/en\/wyniki_naborow_nowe\/glowny-specjalista-w-dziale-polityk-publicznych\/","title":{"rendered":"G\u0142\u00f3wny Specjalista w Dziale Polityk Publicznych"},"content":{"rendered":"\n<h2 class=\"wp-block-heading has-text-align-center\">(Nr referencyjny 1\/4\/2025\/AM\/187)<\/h2>\n\n\n\n<p><\/p>\n\n\n\n<ul class=\"wp-block-list\">\n<li>Wybrany kandydat: Alan \u017bukowski z Wroc\u0142awia<\/li>\n\n\n\n<li>Uzasadnienie: Wybrany kandydat w najwi\u0119kszym stopniu spe\u0142ni\u0142 oczekiwania stawiane w procesie rekrutacyjnym.<\/li>\n<\/ul>\n","protected":false},"featured_media":0,"template":"","class_list":["post-46949","wyniki_naborow_nowe","type-wyniki_naborow_nowe","status-publish","hentry"],"acf":[],"publishpress_future_workflow_manual_trigger":{"enabledWorkflows":[]},"_links":{"self":[{"href":"https:\/\/itech.lukasiewicz.gov.pl\/en\/wp-json\/wp\/v2\/wyniki_naborow_nowe\/46949","targetHints":{"allow":["GET"]}}],"collection":[{"href":"https:\/\/itech.lukasiewicz.gov.pl\/en\/wp-json\/wp\/v2\/wyniki_naborow_nowe"}],"about":[{"href":"https:\/\/itech.lukasiewicz.gov.pl\/en\/wp-json\/wp\/v2\/types\/wyniki_naborow_nowe"}],"version-history":[{"count":0,"href":"https:\/\/itech.lukasiewicz.gov.pl\/en\/wp-json\/wp\/v2\/wyniki_naborow_nowe\/46949\/revisions"}],"wp:attachment":[{"href":"https:\/\/itech.lukasiewicz.gov.pl\/en\/wp-json\/wp\/v2\/media?parent=46949"}],"curies":[{"name":"wp","href":"https:\/\/api.w.org\/{rel}","templated":true}]}}