{"id":64509,"date":"2025-01-09T15:43:57","date_gmt":"2025-01-09T14:43:57","guid":{"rendered":"https:\/\/itech.lukasiewicz.gov.pl\/members-of-the-cluster-council\/"},"modified":"2026-09-02T12:01:03","modified_gmt":"2026-09-02T10:01:03","slug":"members-of-the-cluster-council","status":"publish","type":"page","link":"https:\/\/itech.lukasiewicz.gov.pl\/en\/members-of-the-cluster-council\/","title":{"rendered":"Members of the Cluster Council"},"content":{"rendered":"\t\t<div data-elementor-type=\"wp-page\" data-elementor-id=\"64509\" class=\"elementor elementor-64509 elementor-44390\" data-elementor-post-type=\"page\">\n\t\t\t\t\t\t<section class=\"elementor-section elementor-top-section elementor-element elementor-element-50d10a1 elementor-section-boxed elementor-section-height-default elementor-section-height-default\" data-id=\"50d10a1\" data-element_type=\"section\" data-e-type=\"section\">\n\t\t\t\t\t\t<div class=\"elementor-container elementor-column-gap-default\">\n\t\t\t\t\t<div class=\"elementor-column elementor-col-100 elementor-top-column elementor-element elementor-element-0f259a1\" data-id=\"0f259a1\" data-element_type=\"column\" data-e-type=\"column\">\n\t\t\t<div class=\"elementor-widget-wrap elementor-element-populated\">\n\t\t\t\t\t\t<div class=\"elementor-element elementor-element-d9e0167 elementor-widget elementor-widget-heading\" data-id=\"d9e0167\" data-element_type=\"widget\" data-e-type=\"widget\" data-widget_type=\"heading.default\">\n\t\t\t\t<div class=\"elementor-widget-container\">\n\t\t\t\t\t<h2 class=\"elementor-heading-title elementor-size-default\">Members of the Cluster Council\n<\/h2>\t\t\t\t<\/div>\n\t\t\t\t<\/div>\n\t\t\t\t<div class=\"elementor-element elementor-element-7eb7de5 elementor-widget elementor-widget-text-editor\" data-id=\"7eb7de5\" data-element_type=\"widget\" data-e-type=\"widget\" data-widget_type=\"text-editor.default\">\n\t\t\t\t<div class=\"elementor-widget-container\">\n\t\t\t\t\t\t\t\t\t<p><strong>The General Assembly <\/strong>of the members of the Polish Basalt Technologies Cluster was held in Warsaw on <strong>20 November 2024.<\/strong>  <\/p><p>The following members were elected to the Cluster Council:<\/p><ol><li>Jacek Brzoza <\/li><li>Bogdan K\u0119pka<\/li><li>Arkadiusz Kowalewski <\/li><li>Artur Kwa\u015bniewski <\/li><li>Miros\u0142aw Makarewicz (Chair of the Cluster Council)<\/li><li>Arkadiusz Szpakowski<\/li><\/ol>\t\t\t\t\t\t\t\t<\/div>\n\t\t\t\t<\/div>\n\t\t\t\t<div class=\"elementor-element elementor-element-e02e9da elementor-position-left elementor-vertical-align-top elementor-widget elementor-widget-image-box\" data-id=\"e02e9da\" data-element_type=\"widget\" data-e-type=\"widget\" data-widget_type=\"image-box.default\">\n\t\t\t\t<div class=\"elementor-widget-container\">\n\t\t\t\t\t<div class=\"elementor-image-box-wrapper\"><figure class=\"elementor-image-box-img\"><img fetchpriority=\"high\" decoding=\"async\" width=\"247\" height=\"228\" src=\"https:\/\/itech.lukasiewicz.gov.pl\/wp-content\/uploads\/sites\/38\/2025\/01\/Miroslaw-Makarewicz.png\" class=\"attachment-full size-full wp-image-44395\" alt=\"\" srcset=\"https:\/\/itech.lukasiewicz.gov.pl\/wp-content\/uploads\/sites\/38\/2025\/01\/Miroslaw-Makarewicz.png 247w, https:\/\/itech.lukasiewicz.gov.pl\/wp-content\/uploads\/sites\/38\/2025\/01\/Miroslaw-Makarewicz-24x22.png 24w, https:\/\/itech.lukasiewicz.gov.pl\/wp-content\/uploads\/sites\/38\/2025\/01\/Miroslaw-Makarewicz-36x33.png 36w, https:\/\/itech.lukasiewicz.gov.pl\/wp-content\/uploads\/sites\/38\/2025\/01\/Miroslaw-Makarewicz-48x44.png 48w\" sizes=\"(max-width: 247px) 100vw, 247px\" \/><\/figure><div class=\"elementor-image-box-content\"><h3 class=\"elementor-image-box-title\">Miros\u0142aw Makarewicz<\/h3><p class=\"elementor-image-box-description\">Deputy Director of the Finance and Operations Department at \u0141ukasiewicz \u2013 Institute of New Chemical Syntheses. He holds a Master\u2019s degree in Economics, specialising in Finance and Accounting, and has completed postgraduate studies in Internal Control and Audit as well as an MBA programme in Management at Lublin University of Technology.<br \/>He has 14 years of experience in internal auditing in the public finance sector, including local government institutions, as well as more than 12 years of experience in the Ministry of National Defence. He served as a professional soldier for 18 years, including three years at a military school. Between 1990 and 2004, he held technical, command, administrative and operational positions. He also served on international military missions, including in Syria, Israel and Lebanon.<br \/>He has experience in managing healthcare institutions. From 12 August 2021 to 28 June 2023, he served as Director of the Independent Public Healthcare Institution in Lubart\u00f3w.<br \/>In his private life, he is a husband and father. His interests include music, sport and aviation.          <\/p><\/div><\/div>\t\t\t\t<\/div>\n\t\t\t\t<\/div>\n\t\t\t\t\t<\/div>\n\t\t<\/div>\n\t\t\t\t\t<\/div>\n\t\t<\/section>\n\t\t\t\t<section class=\"elementor-section elementor-top-section elementor-element elementor-element-1aa7ad6 elementor-section-boxed elementor-section-height-default elementor-section-height-default\" data-id=\"1aa7ad6\" data-element_type=\"section\" data-e-type=\"section\">\n\t\t\t\t\t\t<div class=\"elementor-container elementor-column-gap-default\">\n\t\t\t\t\t<div class=\"elementor-column elementor-col-100 elementor-top-column elementor-element elementor-element-077726a\" data-id=\"077726a\" data-element_type=\"column\" data-e-type=\"column\">\n\t\t\t<div class=\"elementor-widget-wrap elementor-element-populated\">\n\t\t\t\t\t\t<div class=\"elementor-element elementor-element-aa94916 elementor-position-left elementor-vertical-align-top elementor-widget elementor-widget-image-box\" data-id=\"aa94916\" data-element_type=\"widget\" data-e-type=\"widget\" data-widget_type=\"image-box.default\">\n\t\t\t\t<div class=\"elementor-widget-container\">\n\t\t\t\t\t<div class=\"elementor-image-box-wrapper\"><figure class=\"elementor-image-box-img\"><img decoding=\"async\" width=\"375\" height=\"375\" src=\"https:\/\/itech.lukasiewicz.gov.pl\/wp-content\/uploads\/sites\/38\/2025\/01\/Bogdan-Kepka.png\" class=\"attachment-full size-full wp-image-44401\" alt=\"\" srcset=\"https:\/\/itech.lukasiewicz.gov.pl\/wp-content\/uploads\/sites\/38\/2025\/01\/Bogdan-Kepka.png 375w, https:\/\/itech.lukasiewicz.gov.pl\/wp-content\/uploads\/sites\/38\/2025\/01\/Bogdan-Kepka-300x300.png 300w, https:\/\/itech.lukasiewicz.gov.pl\/wp-content\/uploads\/sites\/38\/2025\/01\/Bogdan-Kepka-150x150.png 150w, https:\/\/itech.lukasiewicz.gov.pl\/wp-content\/uploads\/sites\/38\/2025\/01\/Bogdan-Kepka-24x24.png 24w, https:\/\/itech.lukasiewicz.gov.pl\/wp-content\/uploads\/sites\/38\/2025\/01\/Bogdan-Kepka-36x36.png 36w, https:\/\/itech.lukasiewicz.gov.pl\/wp-content\/uploads\/sites\/38\/2025\/01\/Bogdan-Kepka-48x48.png 48w\" sizes=\"(max-width: 375px) 100vw, 375px\" \/><\/figure><div class=\"elementor-image-box-content\"><h3 class=\"elementor-image-box-title\">Bogdan K\u0119pka<\/h3><p class=\"elementor-image-box-description\">He serves as President of the Management Board of Ekoinnmar sp. z o.o. and Instytut Zdrowego \u017bycia sp. z o.o. Since 2003, he has been involved in cluster development in Poland. He has participated in numerous training and advisory projects focused on establishing clusters, strategic planning and the operational management of Polish cluster organisations. He has also contributed to cluster benchmarking projects.<br \/>Since 2012, he has specialised in advisory services related to the development and implementation of innovative projects for companies across a wide range of sectors. His areas of interest also include R&amp;D projects carried out through business\u2013science partnerships, particularly projects involving eco-innovation, recycling, industrial waste management within the circular economy, as well as Green Deal and agri-sector initiatives.<br \/>Bogdan K\u0119pka specialises in projects involving product, organisational, marketing and social innovation, as well as eco-innovation. He is particularly interested in environmental protection, cooperation and partnership-building, and the development and implementation of business models in these areas. He is the co-author of numerous publications on clusters and eco-innovation. He continues to develop his expertise through practical experience and continuous professional development. Currently, his work focuses primarily on the commercialisation of innovative solutions.           <\/p><\/div><\/div>\t\t\t\t<\/div>\n\t\t\t\t<\/div>\n\t\t\t\t\t<\/div>\n\t\t<\/div>\n\t\t\t\t\t<\/div>\n\t\t<\/section>\n\t\t\t\t<section class=\"elementor-section elementor-top-section elementor-element elementor-element-a1c6a79 elementor-section-boxed elementor-section-height-default elementor-section-height-default\" data-id=\"a1c6a79\" data-element_type=\"section\" data-e-type=\"section\">\n\t\t\t\t\t\t<div class=\"elementor-container elementor-column-gap-default\">\n\t\t\t\t\t<div class=\"elementor-column elementor-col-100 elementor-top-column elementor-element elementor-element-e022890\" data-id=\"e022890\" data-element_type=\"column\" data-e-type=\"column\">\n\t\t\t<div class=\"elementor-widget-wrap elementor-element-populated\">\n\t\t\t\t\t\t<div class=\"elementor-element elementor-element-ffd0557 elementor-position-left elementor-vertical-align-top elementor-widget elementor-widget-image-box\" data-id=\"ffd0557\" data-element_type=\"widget\" data-e-type=\"widget\" data-widget_type=\"image-box.default\">\n\t\t\t\t<div class=\"elementor-widget-container\">\n\t\t\t\t\t<div class=\"elementor-image-box-wrapper\"><figure class=\"elementor-image-box-img\"><img decoding=\"async\" width=\"378\" height=\"378\" src=\"https:\/\/itech.lukasiewicz.gov.pl\/wp-content\/uploads\/sites\/38\/2025\/01\/mgr-inz.-Arkadiusz-Kowalewski-1.jpg\" class=\"attachment-full size-full wp-image-44403\" alt=\"\" srcset=\"https:\/\/itech.lukasiewicz.gov.pl\/wp-content\/uploads\/sites\/38\/2025\/01\/mgr-inz.-Arkadiusz-Kowalewski-1.jpg 378w, https:\/\/itech.lukasiewicz.gov.pl\/wp-content\/uploads\/sites\/38\/2025\/01\/mgr-inz.-Arkadiusz-Kowalewski-1-300x300.jpg 300w, https:\/\/itech.lukasiewicz.gov.pl\/wp-content\/uploads\/sites\/38\/2025\/01\/mgr-inz.-Arkadiusz-Kowalewski-1-150x150.jpg 150w, https:\/\/itech.lukasiewicz.gov.pl\/wp-content\/uploads\/sites\/38\/2025\/01\/mgr-inz.-Arkadiusz-Kowalewski-1-24x24.jpg 24w, https:\/\/itech.lukasiewicz.gov.pl\/wp-content\/uploads\/sites\/38\/2025\/01\/mgr-inz.-Arkadiusz-Kowalewski-1-36x36.jpg 36w, https:\/\/itech.lukasiewicz.gov.pl\/wp-content\/uploads\/sites\/38\/2025\/01\/mgr-inz.-Arkadiusz-Kowalewski-1-48x48.jpg 48w\" sizes=\"(max-width: 378px) 100vw, 378px\" \/><\/figure><div class=\"elementor-image-box-content\"><h3 class=\"elementor-image-box-title\">MSc Eng. Arkadiusz Kowalewski <\/h3><p class=\"elementor-image-box-description\">He graduated from the University of Zielona G\u00f3ra with a degree in Electrical Engineering, Computer Science and Telecommunications, as well as from the University of Applied Sciences in Giessen-Friedberg, Germany, where he studied Electrical Engineering. He also completed the MBA Business Trends programme at WSB Merito University in Wroc\u0142aw and postgraduate studies in Real Estate Valuation at Szczecin University of Technology, Real Estate Brokerage at the Western School of Commerce and International Finance in Zielona G\u00f3ra, European Studies and European Integration at Adam Mickiewicz University in Pozna\u0144, and the Mechanisms of the Euro Area at the University of Zielona G\u00f3ra.<br \/>From 2003 to 2010, he worked as a Senior Marketing Manager at the Kostrzyn-S\u0142ubice Special Economic Zone S.A. From 2012 to 2017, he served as Economic Adviser to the Mayor of Zielona G\u00f3ra, and from 2018 to 2020 as Deputy Director of the Department of Entrepreneurship and Municipal Economy at the Zielona G\u00f3ra City Hall.<br \/>Since 2010, he has served as President of the Management Board of the Lubuskie Industrial and Technology Park in Zielona G\u00f3ra. Since 2021, he has also been an Adviser to the Management Board of Ekoenergetyka-Polska, a global leader in the production of charging infrastructure for electric vehicles. Since 2022, he has additionally served as a Member of the Management Board of the Polish Chamber of Electromobility Development, an organisation supporting the development of the electromobility market in Europe.<br \/>He is a former member of the Lubuskie Innovation Council operating under the Marshal of the Lubuskie Voivodeship and of the District Labour Market Council at the District Labour Office in Zielona G\u00f3ra. He is also a member of the Advisory Team for Information and Electromobility Development at the newly established Sectoral Skills Centre at the \u201cElektryk\u201d Centre for Vocational and Continuing Education in Nowa S\u00f3l.<br \/>He is married, has two children, and lives permanently in Zielona G\u00f3ra.      <\/p><\/div><\/div>\t\t\t\t<\/div>\n\t\t\t\t<\/div>\n\t\t\t\t\t<\/div>\n\t\t<\/div>\n\t\t\t\t\t<\/div>\n\t\t<\/section>\n\t\t\t\t<section class=\"elementor-section elementor-top-section elementor-element elementor-element-4989040 elementor-section-boxed elementor-section-height-default elementor-section-height-default\" data-id=\"4989040\" data-element_type=\"section\" data-e-type=\"section\">\n\t\t\t\t\t\t<div class=\"elementor-container elementor-column-gap-default\">\n\t\t\t\t\t<div class=\"elementor-column elementor-col-100 elementor-top-column elementor-element elementor-element-fe2a03c\" data-id=\"fe2a03c\" data-element_type=\"column\" data-e-type=\"column\">\n\t\t\t<div class=\"elementor-widget-wrap elementor-element-populated\">\n\t\t\t\t\t\t<div class=\"elementor-element elementor-element-e76262a elementor-position-left elementor-vertical-align-top elementor-widget elementor-widget-image-box\" data-id=\"e76262a\" data-element_type=\"widget\" data-e-type=\"widget\" data-widget_type=\"image-box.default\">\n\t\t\t\t<div class=\"elementor-widget-container\">\n\t\t\t\t\t<div class=\"elementor-image-box-wrapper\"><figure class=\"elementor-image-box-img\"><img loading=\"lazy\" decoding=\"async\" width=\"314\" height=\"314\" src=\"https:\/\/itech.lukasiewicz.gov.pl\/wp-content\/uploads\/sites\/38\/2025\/01\/Dr-Artur-Kwasniewski.jpg\" class=\"attachment-full size-full wp-image-44405\" alt=\"\" srcset=\"https:\/\/itech.lukasiewicz.gov.pl\/wp-content\/uploads\/sites\/38\/2025\/01\/Dr-Artur-Kwasniewski.jpg 314w, https:\/\/itech.lukasiewicz.gov.pl\/wp-content\/uploads\/sites\/38\/2025\/01\/Dr-Artur-Kwasniewski-300x300.jpg 300w, https:\/\/itech.lukasiewicz.gov.pl\/wp-content\/uploads\/sites\/38\/2025\/01\/Dr-Artur-Kwasniewski-150x150.jpg 150w, https:\/\/itech.lukasiewicz.gov.pl\/wp-content\/uploads\/sites\/38\/2025\/01\/Dr-Artur-Kwasniewski-24x24.jpg 24w, https:\/\/itech.lukasiewicz.gov.pl\/wp-content\/uploads\/sites\/38\/2025\/01\/Dr-Artur-Kwasniewski-36x36.jpg 36w, https:\/\/itech.lukasiewicz.gov.pl\/wp-content\/uploads\/sites\/38\/2025\/01\/Dr-Artur-Kwasniewski-48x48.jpg 48w\" sizes=\"(max-width: 314px) 100vw, 314px\" \/><\/figure><div class=\"elementor-image-box-content\"><h3 class=\"elementor-image-box-title\">Artur Kwa\u015bniewski, PhD<\/h3><p class=\"elementor-image-box-description\">A business and technology expert, he holds a PhD in Economics from Kozminski University (Department of Banking, Insurance and Risk) and a Master\u2019s degree in Mathematics from the University of Warsaw. He graduated with distinction from an international MBA programme and completed postgraduate studies in agribusiness management and business psychology for managers, as well as the Microeconomics of Competitiveness programme developed by Harvard Business School.<br \/>He has also passed the examination formerly required by the Ministry of State Treasury for candidates serving on supervisory and management boards of state-owned companies.<br \/>He currently serves as Head of the Business Analysis Department at the Business Development Centre of the \u0141ukasiewicz Research Network \u2013 Institute of Innovation and Technology. He is responsible for the effective commercialisation of knowledge-based products and services and for the development of the business ecosystem.<br \/>Dr Artur Kwa\u015bniewski has held key managerial and expert positions involving team management, innovation, technology and finance, including at Orange S.A. and the Industrial Development Agency S.A. He has participated in numerous specialist training courses and executive development programmes organised by leading consulting firms, as well as working and study visits to innovative companies abroad.<br \/>He has also worked as a consultant and co-owned consulting companies. His practical experience includes investment preparation, commercialisation and implementation of innovations, as well as the management of strategic programmes and complex, high-budget projects, including projects carried out in an international environment.         <\/p><\/div><\/div>\t\t\t\t<\/div>\n\t\t\t\t<\/div>\n\t\t\t\t\t<\/div>\n\t\t<\/div>\n\t\t\t\t\t<\/div>\n\t\t<\/section>\n\t\t\t\t<section class=\"elementor-section elementor-top-section elementor-element elementor-element-b4251b0 elementor-section-boxed elementor-section-height-default elementor-section-height-default\" data-id=\"b4251b0\" data-element_type=\"section\" data-e-type=\"section\">\n\t\t\t\t\t\t<div class=\"elementor-container elementor-column-gap-default\">\n\t\t\t\t\t<div class=\"elementor-column elementor-col-100 elementor-top-column elementor-element elementor-element-55ffa9e\" data-id=\"55ffa9e\" data-element_type=\"column\" data-e-type=\"column\">\n\t\t\t<div class=\"elementor-widget-wrap elementor-element-populated\">\n\t\t\t\t\t\t<div class=\"elementor-element elementor-element-03fcffc elementor-position-left elementor-vertical-align-top elementor-widget elementor-widget-image-box\" data-id=\"03fcffc\" data-element_type=\"widget\" data-e-type=\"widget\" data-widget_type=\"image-box.default\">\n\t\t\t\t<div class=\"elementor-widget-container\">\n\t\t\t\t\t<div class=\"elementor-image-box-wrapper\"><figure class=\"elementor-image-box-img\"><img loading=\"lazy\" decoding=\"async\" width=\"408\" height=\"408\" src=\"https:\/\/itech.lukasiewicz.gov.pl\/wp-content\/uploads\/sites\/38\/2025\/01\/Arkadiusz-Szpakowski.png\" class=\"attachment-full size-full wp-image-44407\" alt=\"\" srcset=\"https:\/\/itech.lukasiewicz.gov.pl\/wp-content\/uploads\/sites\/38\/2025\/01\/Arkadiusz-Szpakowski.png 408w, https:\/\/itech.lukasiewicz.gov.pl\/wp-content\/uploads\/sites\/38\/2025\/01\/Arkadiusz-Szpakowski-300x300.png 300w, https:\/\/itech.lukasiewicz.gov.pl\/wp-content\/uploads\/sites\/38\/2025\/01\/Arkadiusz-Szpakowski-150x150.png 150w, https:\/\/itech.lukasiewicz.gov.pl\/wp-content\/uploads\/sites\/38\/2025\/01\/Arkadiusz-Szpakowski-24x24.png 24w, https:\/\/itech.lukasiewicz.gov.pl\/wp-content\/uploads\/sites\/38\/2025\/01\/Arkadiusz-Szpakowski-36x36.png 36w, https:\/\/itech.lukasiewicz.gov.pl\/wp-content\/uploads\/sites\/38\/2025\/01\/Arkadiusz-Szpakowski-48x48.png 48w\" sizes=\"(max-width: 408px) 100vw, 408px\" \/><\/figure><div class=\"elementor-image-box-content\"><h3 class=\"elementor-image-box-title\">Arkadiusz Szpakowski<\/h3><p class=\"elementor-image-box-description\">Director of the Legnica Branch of the \u0141ukasiewicz Research Network \u2013 Institute of Non-Ferrous Metals, actively involved in the implementation and advancement of circular economy policies.<br \/>He is a Member of the Management Board of the Waste Management and Recycling Cluster, which holds the status of a National Key Cluster.<br \/>He is also a member of groups and organisations working in the fields of the circular economy and sustainable development, including the KIS-7 Working Group: Circular Economy \u2013 Water, Mineral Resources and Waste at the Ministry of Development, Labour and Technology. He also leads a task force responsible for preparing recommendations for amendments to the Public Procurement Law.   <\/p><\/div><\/div>\t\t\t\t<\/div>\n\t\t\t\t<\/div>\n\t\t\t\t\t<\/div>\n\t\t<\/div>\n\t\t\t\t\t<\/div>\n\t\t<\/section>\n\t\t\t\t<section class=\"elementor-section elementor-top-section elementor-element elementor-element-4a0788a elementor-section-boxed elementor-section-height-default elementor-section-height-default\" data-id=\"4a0788a\" data-element_type=\"section\" data-e-type=\"section\">\n\t\t\t\t\t\t<div class=\"elementor-container elementor-column-gap-default\">\n\t\t\t\t\t<div class=\"elementor-column elementor-col-100 elementor-top-column elementor-element elementor-element-744b451\" data-id=\"744b451\" data-element_type=\"column\" data-e-type=\"column\">\n\t\t\t<div class=\"elementor-widget-wrap elementor-element-populated\">\n\t\t\t\t\t\t<div class=\"elementor-element elementor-element-2b61a02 elementor-position-left elementor-vertical-align-top elementor-widget elementor-widget-image-box\" data-id=\"2b61a02\" data-element_type=\"widget\" data-e-type=\"widget\" data-widget_type=\"image-box.default\">\n\t\t\t\t<div class=\"elementor-widget-container\">\n\t\t\t\t\t<div class=\"elementor-image-box-wrapper\"><figure class=\"elementor-image-box-img\"><img loading=\"lazy\" decoding=\"async\" width=\"2048\" height=\"2004\" src=\"https:\/\/itech.lukasiewicz.gov.pl\/wp-content\/uploads\/sites\/38\/2025\/01\/Jacek-Brzozowski-2048x2004-1.jpg\" class=\"attachment-full size-full wp-image-44411\" alt=\"\" srcset=\"https:\/\/itech.lukasiewicz.gov.pl\/wp-content\/uploads\/sites\/38\/2025\/01\/Jacek-Brzozowski-2048x2004-1.jpg 2048w, https:\/\/itech.lukasiewicz.gov.pl\/wp-content\/uploads\/sites\/38\/2025\/01\/Jacek-Brzozowski-2048x2004-1-300x294.jpg 300w, https:\/\/itech.lukasiewicz.gov.pl\/wp-content\/uploads\/sites\/38\/2025\/01\/Jacek-Brzozowski-2048x2004-1-1024x1002.jpg 1024w, https:\/\/itech.lukasiewicz.gov.pl\/wp-content\/uploads\/sites\/38\/2025\/01\/Jacek-Brzozowski-2048x2004-1-768x752.jpg 768w, https:\/\/itech.lukasiewicz.gov.pl\/wp-content\/uploads\/sites\/38\/2025\/01\/Jacek-Brzozowski-2048x2004-1-1536x1503.jpg 1536w, https:\/\/itech.lukasiewicz.gov.pl\/wp-content\/uploads\/sites\/38\/2025\/01\/Jacek-Brzozowski-2048x2004-1-1200x1174.jpg 1200w, https:\/\/itech.lukasiewicz.gov.pl\/wp-content\/uploads\/sites\/38\/2025\/01\/Jacek-Brzozowski-2048x2004-1-1980x1937.jpg 1980w, https:\/\/itech.lukasiewicz.gov.pl\/wp-content\/uploads\/sites\/38\/2025\/01\/Jacek-Brzozowski-2048x2004-1-24x24.jpg 24w, https:\/\/itech.lukasiewicz.gov.pl\/wp-content\/uploads\/sites\/38\/2025\/01\/Jacek-Brzozowski-2048x2004-1-36x36.jpg 36w, https:\/\/itech.lukasiewicz.gov.pl\/wp-content\/uploads\/sites\/38\/2025\/01\/Jacek-Brzozowski-2048x2004-1-48x48.jpg 48w\" sizes=\"(max-width: 2048px) 100vw, 2048px\" \/><\/figure><div class=\"elementor-image-box-content\"><h3 class=\"elementor-image-box-title\">Jacek Brzoza<\/h3><p class=\"elementor-image-box-description\">An experienced professional with a strong background in sales, analytics and customer relationship management. With 20 years of experience, he has an in-depth understanding of the dynamics of the financial, education and IT sectors.<br \/>His expertise lies in using analytical insights to drive business growth and optimise solutions. With extensive experience in negotiations, sales strategy development and project management, he has a proven track record of successfully achieving sales targets.<br \/>He is a graduate of the Faculty of Management at Rzesz\u00f3w University of Technology and currently serves as Sales Director at Sorigo.<br \/>In both life and business, he follows a win-win approach. Privately, he is a proud father of two teenagers.       <\/p><\/div><\/div>\t\t\t\t<\/div>\n\t\t\t\t<\/div>\n\t\t\t\t\t<\/div>\n\t\t<\/div>\n\t\t\t\t\t<\/div>\n\t\t<\/section>\n\t\t\t\t<section class=\"elementor-section elementor-top-section elementor-element elementor-element-8408670 elementor-section-boxed elementor-section-height-default elementor-section-height-default\" data-id=\"8408670\" data-element_type=\"section\" data-e-type=\"section\">\n\t\t\t\t\t\t<div class=\"elementor-container elementor-column-gap-default\">\n\t\t\t\t\t<div class=\"elementor-column elementor-col-100 elementor-top-column elementor-element elementor-element-c3d6cdc\" data-id=\"c3d6cdc\" data-element_type=\"column\" data-e-type=\"column\">\n\t\t\t<div class=\"elementor-widget-wrap elementor-element-populated\">\n\t\t\t\t\t\t<div class=\"elementor-element elementor-element-d1c3337 elementor-widget elementor-widget-spacer\" data-id=\"d1c3337\" data-element_type=\"widget\" data-e-type=\"widget\" data-widget_type=\"spacer.default\">\n\t\t\t\t<div class=\"elementor-widget-container\">\n\t\t\t\t\t\t\t<div class=\"elementor-spacer\">\n\t\t\t<div class=\"elementor-spacer-inner\"><\/div>\n\t\t<\/div>\n\t\t\t\t\t\t<\/div>\n\t\t\t\t<\/div>\n\t\t\t\t\t<\/div>\n\t\t<\/div>\n\t\t\t\t\t<\/div>\n\t\t<\/section>\n\t\t\t\t<section class=\"elementor-section elementor-top-section elementor-element elementor-element-d5107be elementor-section-boxed elementor-section-height-default elementor-section-height-default\" data-id=\"d5107be\" data-element_type=\"section\" data-e-type=\"section\">\n\t\t\t\t\t\t<div class=\"elementor-container elementor-column-gap-default\">\n\t\t\t\t\t<div class=\"elementor-column elementor-col-100 elementor-top-column elementor-element elementor-element-ec1172a\" data-id=\"ec1172a\" data-element_type=\"column\" data-e-type=\"column\">\n\t\t\t<div class=\"elementor-widget-wrap elementor-element-populated\">\n\t\t\t\t\t\t<div class=\"elementor-element elementor-element-bb8a78b elementor-widget-divider--view-line elementor-widget elementor-widget-divider\" data-id=\"bb8a78b\" data-element_type=\"widget\" data-e-type=\"widget\" data-widget_type=\"divider.default\">\n\t\t\t\t<div class=\"elementor-widget-container\">\n\t\t\t\t\t\t\t<div class=\"elementor-divider\">\n\t\t\t<span class=\"elementor-divider-separator\">\n\t\t\t\t\t\t<\/span>\n\t\t<\/div>\n\t\t\t\t\t\t<\/div>\n\t\t\t\t<\/div>\n\t\t\t\t\t<\/div>\n\t\t<\/div>\n\t\t\t\t\t<\/div>\n\t\t<\/section>\n\t\t\t\t<section class=\"elementor-section elementor-top-section elementor-element elementor-element-2a4c9d8 elementor-section-boxed elementor-section-height-default elementor-section-height-default\" data-id=\"2a4c9d8\" data-element_type=\"section\" data-e-type=\"section\">\n\t\t\t\t\t\t<div class=\"elementor-container elementor-column-gap-default\">\n\t\t\t\t\t<div class=\"elementor-column elementor-col-33 elementor-top-column elementor-element elementor-element-1c8b2d5\" data-id=\"1c8b2d5\" data-element_type=\"column\" data-e-type=\"column\">\n\t\t\t<div class=\"elementor-widget-wrap\">\n\t\t\t\t\t\t\t<\/div>\n\t\t<\/div>\n\t\t\t\t<div class=\"elementor-column elementor-col-33 elementor-top-column elementor-element elementor-element-7b2ecda\" data-id=\"7b2ecda\" data-element_type=\"column\" data-e-type=\"column\">\n\t\t\t<div class=\"elementor-widget-wrap elementor-element-populated\">\n\t\t\t\t\t\t<div class=\"elementor-element elementor-element-f7741ba elementor-widget elementor-widget-image\" data-id=\"f7741ba\" data-element_type=\"widget\" data-e-type=\"widget\" data-widget_type=\"image.default\">\n\t\t\t\t<div class=\"elementor-widget-container\">\n\t\t\t\t\t\t\t\t\t\t\t\t\t\t\t\t<a href=\"https:\/\/itech.lukasiewicz.gov.pl\/en\/polish-basalt-technologies-cluster\/\">\n\t\t\t\t\t\t\t<img loading=\"lazy\" decoding=\"async\" width=\"300\" height=\"113\" src=\"https:\/\/itech.lukasiewicz.gov.pl\/wp-content\/uploads\/sites\/38\/2025\/01\/KPTB-2-300x113-1.png\" class=\"elementor-animation-grow attachment-medium size-medium wp-image-44372\" alt=\"\" srcset=\"https:\/\/itech.lukasiewicz.gov.pl\/wp-content\/uploads\/sites\/38\/2025\/01\/KPTB-2-300x113-1.png 300w, https:\/\/itech.lukasiewicz.gov.pl\/wp-content\/uploads\/sites\/38\/2025\/01\/KPTB-2-300x113-1-24x9.png 24w, https:\/\/itech.lukasiewicz.gov.pl\/wp-content\/uploads\/sites\/38\/2025\/01\/KPTB-2-300x113-1-36x14.png 36w, https:\/\/itech.lukasiewicz.gov.pl\/wp-content\/uploads\/sites\/38\/2025\/01\/KPTB-2-300x113-1-48x18.png 48w\" sizes=\"(max-width: 300px) 100vw, 300px\" \/>\t\t\t\t\t\t\t\t<\/a>\n\t\t\t\t\t\t\t\t\t\t\t\t\t\t\t<\/div>\n\t\t\t\t<\/div>\n\t\t\t\t\t<\/div>\n\t\t<\/div>\n\t\t\t\t<div class=\"elementor-column elementor-col-33 elementor-top-column elementor-element elementor-element-006e89a\" data-id=\"006e89a\" data-element_type=\"column\" data-e-type=\"column\">\n\t\t\t<div class=\"elementor-widget-wrap\">\n\t\t\t\t\t\t\t<\/div>\n\t\t<\/div>\n\t\t\t\t\t<\/div>\n\t\t<\/section>\n\t\t\t\t<\/div>\n\t\t","protected":false},"excerpt":{"rendered":"<p>Members of the Cluster Council The General Assembly of the members of the Polish Basalt Technologies Cluster was held in Warsaw on 20 November 2024. The following members were elected to the Cluster Council: Jacek Brzoza Bogdan K\u0119pka Arkadiusz Kowalewski Artur Kwa\u015bniewski Miros\u0142aw Makarewicz (Chair of the Cluster Council) Arkadiusz Szpakowski Miros\u0142aw Makarewicz Deputy Director [&hellip;]<\/p>\n","protected":false},"author":186,"featured_media":0,"parent":0,"menu_order":0,"comment_status":"closed","ping_status":"closed","template":"","meta":{"_acf_changed":false,"_seopress_titles_title":"","_seopress_titles_desc":"","_seopress_robots_index":"yes","_seopress_robots_follow":"","_seopress_robots_imageindex":"","_seopress_robots_snippet":"","_seopress_robots_primary_cat":"","_seopress_robots_breadcrumbs":"","_seopress_robots_freeze_modified_date":"","_seopress_robots_custom_modified_date":"","_seopress_robots_canonical":"","_seopress_social_fb_title":"","_seopress_social_fb_desc":"","_seopress_social_fb_img":"","_seopress_social_fb_img_attachment_id":0,"_seopress_social_fb_img_width":0,"_seopress_social_fb_img_height":0,"_seopress_social_twitter_title":"","_seopress_social_twitter_desc":"","_seopress_social_twitter_img":"","_seopress_social_twitter_img_attachment_id":0,"_seopress_social_twitter_img_width":0,"_seopress_social_twitter_img_height":0,"_seopress_redirections_value":"","_seopress_redirections_enabled":"","_seopress_redirections_enabled_regex":"","_seopress_redirections_logged_status":"Nice to have skills:","_seopress_redirections_param":"","_seopress_redirections_type":301,"_seopress_analysis_target_kw":"","inline_featured_image":false,"footnotes":""},"class_list":["post-64509","page","type-page","status-publish","hentry"],"acf":{"page_icon":null},"publishpress_future_action":{"enabled":false,"date":"2026-09-13 12:06:37","action":"change-status","newStatus":"draft","terms":[],"taxonomy":"translation_priority","extraData":[]},"publishpress_future_workflow_manual_trigger":{"enabledWorkflows":[]},"_links":{"self":[{"href":"https:\/\/itech.lukasiewicz.gov.pl\/en\/wp-json\/wp\/v2\/pages\/64509","targetHints":{"allow":["GET"]}}],"collection":[{"href":"https:\/\/itech.lukasiewicz.gov.pl\/en\/wp-json\/wp\/v2\/pages"}],"about":[{"href":"https:\/\/itech.lukasiewicz.gov.pl\/en\/wp-json\/wp\/v2\/types\/page"}],"author":[{"embeddable":true,"href":"https:\/\/itech.lukasiewicz.gov.pl\/en\/wp-json\/wp\/v2\/users\/186"}],"replies":[{"embeddable":true,"href":"https:\/\/itech.lukasiewicz.gov.pl\/en\/wp-json\/wp\/v2\/comments?post=64509"}],"version-history":[{"count":2,"href":"https:\/\/itech.lukasiewicz.gov.pl\/en\/wp-json\/wp\/v2\/pages\/64509\/revisions"}],"predecessor-version":[{"id":64511,"href":"https:\/\/itech.lukasiewicz.gov.pl\/en\/wp-json\/wp\/v2\/pages\/64509\/revisions\/64511"}],"wp:attachment":[{"href":"https:\/\/itech.lukasiewicz.gov.pl\/en\/wp-json\/wp\/v2\/media?parent=64509"}],"curies":[{"name":"wp","href":"https:\/\/api.w.org\/{rel}","templated":true}]}}