{"id":57815,"date":"2026-01-27T09:09:23","date_gmt":"2026-01-27T08:09:23","guid":{"rendered":"https:\/\/itech.lukasiewicz.gov.pl\/publications-2\/"},"modified":"2026-02-13T21:03:43","modified_gmt":"2026-02-13T20:03:43","slug":"publications-2","status":"publish","type":"page","link":"https:\/\/itech.lukasiewicz.gov.pl\/en\/publications-2\/","title":{"rendered":"Publications -2"},"content":{"rendered":"\t\t<div data-elementor-type=\"wp-page\" data-elementor-id=\"57815\" class=\"elementor elementor-57815 elementor-56364\" data-elementor-post-type=\"page\">\n\t\t\t\t<div class=\"elementor-element elementor-element-f5ae0ea e-flex e-con-boxed e-con e-parent\" data-id=\"f5ae0ea\" data-element_type=\"container\" data-e-type=\"container\">\n\t\t\t\t\t<div class=\"e-con-inner\">\n\t\t\t\t<div class=\"elementor-element elementor-element-d9d84b9 elementor-widget elementor-widget-spacer\" data-id=\"d9d84b9\" data-element_type=\"widget\" data-e-type=\"widget\" data-widget_type=\"spacer.default\">\n\t\t\t\t<div class=\"elementor-widget-container\">\n\t\t\t\t\t\t\t<div class=\"elementor-spacer\">\n\t\t\t<div class=\"elementor-spacer-inner\"><\/div>\n\t\t<\/div>\n\t\t\t\t\t\t<\/div>\n\t\t\t\t<\/div>\n\t\t\t\t<div class=\"elementor-element elementor-element-671f2ac title-decorator elementor-widget elementor-widget-heading\" data-id=\"671f2ac\" data-element_type=\"widget\" data-e-type=\"widget\" data-widget_type=\"heading.default\">\n\t\t\t\t<div class=\"elementor-widget-container\">\n\t\t\t\t\t<h3 class=\"elementor-heading-title elementor-size-default\">Publications<\/h3>\t\t\t\t<\/div>\n\t\t\t\t<\/div>\n\t\t\t\t<div class=\"elementor-element elementor-element-a65732e elementor-widget elementor-widget-heading\" data-id=\"a65732e\" data-element_type=\"widget\" data-e-type=\"widget\" data-widget_type=\"heading.default\">\n\t\t\t\t<div class=\"elementor-widget-container\">\n\t\t\t\t\t<h2 class=\"elementor-heading-title elementor-size-default\">Reports, policy papers and expert commentary<\/h2>\t\t\t\t<\/div>\n\t\t\t\t<\/div>\n\t\t\t\t<div class=\"elementor-element elementor-element-14c3b18 elementor-grid-3 elementor-grid-tablet-2 elementor-grid-mobile-1 elementor-posts--thumbnail-top elementor-widget elementor-widget-posts\" data-id=\"14c3b18\" data-element_type=\"widget\" data-e-type=\"widget\" data-settings=\"{&quot;classic_columns&quot;:&quot;3&quot;,&quot;classic_columns_tablet&quot;:&quot;2&quot;,&quot;classic_columns_mobile&quot;:&quot;1&quot;,&quot;classic_row_gap&quot;:{&quot;unit&quot;:&quot;px&quot;,&quot;size&quot;:35,&quot;sizes&quot;:[]},&quot;classic_row_gap_tablet_extra&quot;:{&quot;unit&quot;:&quot;px&quot;,&quot;size&quot;:&quot;&quot;,&quot;sizes&quot;:[]},&quot;classic_row_gap_tablet&quot;:{&quot;unit&quot;:&quot;px&quot;,&quot;size&quot;:&quot;&quot;,&quot;sizes&quot;:[]},&quot;classic_row_gap_mobile_extra&quot;:{&quot;unit&quot;:&quot;px&quot;,&quot;size&quot;:&quot;&quot;,&quot;sizes&quot;:[]},&quot;classic_row_gap_mobile&quot;:{&quot;unit&quot;:&quot;px&quot;,&quot;size&quot;:&quot;&quot;,&quot;sizes&quot;:[]}}\" data-widget_type=\"posts.classic\">\n\t\t\t\t<div class=\"elementor-widget-container\">\n\t\t\t\t\t\t\t<div class=\"elementor-posts-container elementor-posts elementor-posts--skin-classic elementor-grid\" role=\"list\">\n\t\t\t\t<article class=\"elementor-post elementor-grid-item post-60018 publikacje type-publikacje status-publish has-post-thumbnail hentry obszary-dual-use obszary-obronnosc obszary-przemysl-obronny obszary-suwerennosc-technologiczna\" role=\"listitem\">\n\t\t\t\t<a class=\"elementor-post__thumbnail__link\" href=\"https:\/\/itech.lukasiewicz.gov.pl\/en\/publikacje\/bariery-rozwoju-technologii-dual-use-w-polsce\/\" tabindex=\"-1\" target=&quot;_blank&quot;>\n\t\t\t<div class=\"elementor-post__thumbnail\"><img fetchpriority=\"high\" decoding=\"async\" width=\"300\" height=\"225\" src=\"https:\/\/itech.lukasiewicz.gov.pl\/wp-content\/uploads\/sites\/38\/2026\/04\/Projekt-bez-nazwy-3-300x225.jpg\" class=\"attachment-medium size-medium wp-image-60082\" alt=\"Raport &quot;Bariery rozwoju technologii dual-use w Polsce&quot;\" srcset=\"https:\/\/itech.lukasiewicz.gov.pl\/wp-content\/uploads\/sites\/38\/2026\/04\/Projekt-bez-nazwy-3-300x225.jpg 300w, https:\/\/itech.lukasiewicz.gov.pl\/wp-content\/uploads\/sites\/38\/2026\/04\/Projekt-bez-nazwy-3-1024x767.jpg 1024w, https:\/\/itech.lukasiewicz.gov.pl\/wp-content\/uploads\/sites\/38\/2026\/04\/Projekt-bez-nazwy-3-768x575.jpg 768w, https:\/\/itech.lukasiewicz.gov.pl\/wp-content\/uploads\/sites\/38\/2026\/04\/Projekt-bez-nazwy-3-1536x1151.jpg 1536w, https:\/\/itech.lukasiewicz.gov.pl\/wp-content\/uploads\/sites\/38\/2026\/04\/Projekt-bez-nazwy-3-2048x1534.jpg 2048w, https:\/\/itech.lukasiewicz.gov.pl\/wp-content\/uploads\/sites\/38\/2026\/04\/Projekt-bez-nazwy-3-1200x899.jpg 1200w, https:\/\/itech.lukasiewicz.gov.pl\/wp-content\/uploads\/sites\/38\/2026\/04\/Projekt-bez-nazwy-3-1980x1484.jpg 1980w, https:\/\/itech.lukasiewicz.gov.pl\/wp-content\/uploads\/sites\/38\/2026\/04\/Projekt-bez-nazwy-3-24x18.jpg 24w, https:\/\/itech.lukasiewicz.gov.pl\/wp-content\/uploads\/sites\/38\/2026\/04\/Projekt-bez-nazwy-3-36x27.jpg 36w, https:\/\/itech.lukasiewicz.gov.pl\/wp-content\/uploads\/sites\/38\/2026\/04\/Projekt-bez-nazwy-3-48x36.jpg 48w\" sizes=\"(max-width: 300px) 100vw, 300px\" \/><\/div>\n\t\t<\/a>\n\t\t\t\t<div class=\"elementor-post__text\">\n\t\t\t\t<h3 class=\"elementor-post__title\">\n\t\t\t<a href=\"https:\/\/itech.lukasiewicz.gov.pl\/en\/publikacje\/bariery-rozwoju-technologii-dual-use-w-polsce\/\" target=&quot;_blank&quot;>\n\t\t\t\tBariery rozwoju technologii dual-use w Polsce. Raport Centrum Bezpiecze\u0144stwa i Innowacji Obronnych\t\t\t<\/a>\n\t\t<\/h3>\n\t\t\t\t<div class=\"elementor-post__meta-data\">\n\t\t\t\t\t<span class=\"elementor-post-date\">\n\t\t\t2026-04-14\t\t<\/span>\n\t\t\t\t<\/div>\n\t\t\t\t\t<div class=\"elementor-post__read-more-wrapper\">\n\t\t\n\t\t<a class=\"elementor-post__read-more\" href=\"https:\/\/itech.lukasiewicz.gov.pl\/en\/publikacje\/bariery-rozwoju-technologii-dual-use-w-polsce\/\" aria-label=\"Read more about Bariery rozwoju technologii dual-use w Polsce. Raport Centrum Bezpiecze\u0144stwa i Innowacji Obronnych\" tabindex=\"-1\" target=\"_blank\">\n\t\t\tRead more \"\t\t<\/a>\n\n\t\t\t\t\t<\/div>\n\t\t\t\t<\/div>\n\t\t\t\t<\/article>\n\t\t\t\t<article class=\"elementor-post elementor-grid-item post-51003 publikacje type-publikacje status-publish has-post-thumbnail hentry obszary-atom obszary-energetyka obszary-innowacje obszary-obronnosc obszary-przemysl-obronny obszary-startupy obszary-transfer-technologii obszary-wodor\" role=\"listitem\">\n\t\t\t\t<a class=\"elementor-post__thumbnail__link\" href=\"https:\/\/itech.lukasiewicz.gov.pl\/en\/publikacje\/ocena-inicjatyw-i-instrumentow-wspolpracy-miedzynarodowej-ue-w-procesie-realizacji-polityki-suwerennosci-technologicznej\/\" tabindex=\"-1\" target=&quot;_blank&quot;>\n\t\t\t<div class=\"elementor-post__thumbnail\"><img decoding=\"async\" width=\"300\" height=\"200\" src=\"https:\/\/itech.lukasiewicz.gov.pl\/wp-content\/uploads\/sites\/38\/2025\/08\/Ocena-inicjatyw-i-instrumentow-wspolpracy-miedzynarodowej-UE-w-procesie-realizacji-polityki-suwerennosci-technologicznej-Lukasiewicz-\u2013-ITECH.png\" class=\"attachment-medium size-medium wp-image-59165\" alt=\"\" srcset=\"https:\/\/itech.lukasiewicz.gov.pl\/wp-content\/uploads\/sites\/38\/2025\/08\/Ocena-inicjatyw-i-instrumentow-wspolpracy-miedzynarodowej-UE-w-procesie-realizacji-polityki-suwerennosci-technologicznej-Lukasiewicz-\u2013-ITECH.png 300w, https:\/\/itech.lukasiewicz.gov.pl\/wp-content\/uploads\/sites\/38\/2025\/08\/Ocena-inicjatyw-i-instrumentow-wspolpracy-miedzynarodowej-UE-w-procesie-realizacji-polityki-suwerennosci-technologicznej-Lukasiewicz-\u2013-ITECH-24x16.png 24w, https:\/\/itech.lukasiewicz.gov.pl\/wp-content\/uploads\/sites\/38\/2025\/08\/Ocena-inicjatyw-i-instrumentow-wspolpracy-miedzynarodowej-UE-w-procesie-realizacji-polityki-suwerennosci-technologicznej-Lukasiewicz-\u2013-ITECH-36x24.png 36w, https:\/\/itech.lukasiewicz.gov.pl\/wp-content\/uploads\/sites\/38\/2025\/08\/Ocena-inicjatyw-i-instrumentow-wspolpracy-miedzynarodowej-UE-w-procesie-realizacji-polityki-suwerennosci-technologicznej-Lukasiewicz-\u2013-ITECH-48x32.png 48w\" sizes=\"(max-width: 300px) 100vw, 300px\" \/><\/div>\n\t\t<\/a>\n\t\t\t\t<div class=\"elementor-post__text\">\n\t\t\t\t<h3 class=\"elementor-post__title\">\n\t\t\t<a href=\"https:\/\/itech.lukasiewicz.gov.pl\/en\/publikacje\/ocena-inicjatyw-i-instrumentow-wspolpracy-miedzynarodowej-ue-w-procesie-realizacji-polityki-suwerennosci-technologicznej\/\" target=&quot;_blank&quot;>\n\t\t\t\tOcena inicjatyw i instrument\u00f3w wsp\u00f3\u0142pracy mi\u0119dzynarodowej UE w procesie realizacji polityki suwerenno\u015bci technologicznej\t\t\t<\/a>\n\t\t<\/h3>\n\t\t\t\t<div class=\"elementor-post__meta-data\">\n\t\t\t\t\t<span class=\"elementor-post-date\">\n\t\t\t2025-08-27\t\t<\/span>\n\t\t\t\t<\/div>\n\t\t\t\t\t<div class=\"elementor-post__read-more-wrapper\">\n\t\t\n\t\t<a class=\"elementor-post__read-more\" href=\"https:\/\/itech.lukasiewicz.gov.pl\/en\/publikacje\/ocena-inicjatyw-i-instrumentow-wspolpracy-miedzynarodowej-ue-w-procesie-realizacji-polityki-suwerennosci-technologicznej\/\" aria-label=\"Read more about Ocena inicjatyw i instrument\u00f3w wsp\u00f3\u0142pracy mi\u0119dzynarodowej UE w procesie realizacji polityki suwerenno\u015bci technologicznej\" tabindex=\"-1\" target=\"_blank\">\n\t\t\tRead more \"\t\t<\/a>\n\n\t\t\t\t\t<\/div>\n\t\t\t\t<\/div>\n\t\t\t\t<\/article>\n\t\t\t\t<article class=\"elementor-post elementor-grid-item post-50959 publikacje type-publikacje status-publish has-post-thumbnail hentry obszary-atom obszary-energetyka obszary-innowacje obszary-obronnosc obszary-przemysl-obronny obszary-startupy obszary-transfer-technologii obszary-wodor\" role=\"listitem\">\n\t\t\t\t<a class=\"elementor-post__thumbnail__link\" href=\"https:\/\/itech.lukasiewicz.gov.pl\/en\/publikacje\/miedzy-nadzieja-a-obawa-paradoksy-polskiej-percepcji-transformacji-energetycznej-w-kontekscie-globalnym\/\" tabindex=\"-1\" target=&quot;_blank&quot;>\n\t\t\t<div class=\"elementor-post__thumbnail\"><img decoding=\"async\" width=\"300\" height=\"200\" src=\"https:\/\/itech.lukasiewicz.gov.pl\/wp-content\/uploads\/sites\/38\/2025\/08\/Miedzy-nadzieja-a-obawa-paradoksy-polskiej-percepcji-transformacji-energetycznej-w-kontekscie-globalnym-Lukasiewcz-\u2013-ITECH.png\" class=\"attachment-medium size-medium wp-image-59166\" alt=\"\" srcset=\"https:\/\/itech.lukasiewicz.gov.pl\/wp-content\/uploads\/sites\/38\/2025\/08\/Miedzy-nadzieja-a-obawa-paradoksy-polskiej-percepcji-transformacji-energetycznej-w-kontekscie-globalnym-Lukasiewcz-\u2013-ITECH.png 300w, https:\/\/itech.lukasiewicz.gov.pl\/wp-content\/uploads\/sites\/38\/2025\/08\/Miedzy-nadzieja-a-obawa-paradoksy-polskiej-percepcji-transformacji-energetycznej-w-kontekscie-globalnym-Lukasiewcz-\u2013-ITECH-24x16.png 24w, https:\/\/itech.lukasiewicz.gov.pl\/wp-content\/uploads\/sites\/38\/2025\/08\/Miedzy-nadzieja-a-obawa-paradoksy-polskiej-percepcji-transformacji-energetycznej-w-kontekscie-globalnym-Lukasiewcz-\u2013-ITECH-36x24.png 36w, https:\/\/itech.lukasiewicz.gov.pl\/wp-content\/uploads\/sites\/38\/2025\/08\/Miedzy-nadzieja-a-obawa-paradoksy-polskiej-percepcji-transformacji-energetycznej-w-kontekscie-globalnym-Lukasiewcz-\u2013-ITECH-48x32.png 48w\" sizes=\"(max-width: 300px) 100vw, 300px\" \/><\/div>\n\t\t<\/a>\n\t\t\t\t<div class=\"elementor-post__text\">\n\t\t\t\t<h3 class=\"elementor-post__title\">\n\t\t\t<a href=\"https:\/\/itech.lukasiewicz.gov.pl\/en\/publikacje\/miedzy-nadzieja-a-obawa-paradoksy-polskiej-percepcji-transformacji-energetycznej-w-kontekscie-globalnym\/\" target=&quot;_blank&quot;>\n\t\t\t\tMi\u0119dzy nadziej\u0105 a obaw\u0105: paradoksy polskiej percepcji transformacji energetycznej w kontek\u015bcie globalnym\t\t\t<\/a>\n\t\t<\/h3>\n\t\t\t\t<div class=\"elementor-post__meta-data\">\n\t\t\t\t\t<span class=\"elementor-post-date\">\n\t\t\t2025-08-25\t\t<\/span>\n\t\t\t\t<\/div>\n\t\t\t\t\t<div class=\"elementor-post__read-more-wrapper\">\n\t\t\n\t\t<a class=\"elementor-post__read-more\" href=\"https:\/\/itech.lukasiewicz.gov.pl\/en\/publikacje\/miedzy-nadzieja-a-obawa-paradoksy-polskiej-percepcji-transformacji-energetycznej-w-kontekscie-globalnym\/\" aria-label=\"Read more about Mi\u0119dzy nadziej\u0105 a obaw\u0105: paradoksy polskiej percepcji transformacji energetycznej w kontek\u015bcie globalnym\" tabindex=\"-1\" target=\"_blank\">\n\t\t\tRead more \"\t\t<\/a>\n\n\t\t\t\t\t<\/div>\n\t\t\t\t<\/div>\n\t\t\t\t<\/article>\n\t\t\t\t<article class=\"elementor-post elementor-grid-item post-50525 publikacje type-publikacje status-publish has-post-thumbnail hentry obszary-atom obszary-energetyka obszary-innowacje obszary-obronnosc obszary-przemysl-obronny obszary-startupy obszary-transfer-technologii obszary-wodor\" role=\"listitem\">\n\t\t\t\t<a class=\"elementor-post__thumbnail__link\" href=\"https:\/\/itech.lukasiewicz.gov.pl\/en\/publikacje\/inwestycje-w-zakresie-potrzeb-obronnosci-panstwa-lub-bezpieczenstwa-publicznego-uwagi-do-nowej-ustawy\/\" tabindex=\"-1\" target=&quot;_blank&quot;>\n\t\t\t<div class=\"elementor-post__thumbnail\"><img loading=\"lazy\" decoding=\"async\" width=\"300\" height=\"200\" src=\"https:\/\/itech.lukasiewicz.gov.pl\/wp-content\/uploads\/sites\/38\/2025\/08\/Inwestycje-w-zakresie-potrzeb-obronnosci-panstwa-lub-bezpieczenstwa-publicznego-Lukasiewicz-ITECH.png\" class=\"attachment-medium size-medium wp-image-59168\" alt=\"\" srcset=\"https:\/\/itech.lukasiewicz.gov.pl\/wp-content\/uploads\/sites\/38\/2025\/08\/Inwestycje-w-zakresie-potrzeb-obronnosci-panstwa-lub-bezpieczenstwa-publicznego-Lukasiewicz-ITECH.png 300w, https:\/\/itech.lukasiewicz.gov.pl\/wp-content\/uploads\/sites\/38\/2025\/08\/Inwestycje-w-zakresie-potrzeb-obronnosci-panstwa-lub-bezpieczenstwa-publicznego-Lukasiewicz-ITECH-24x16.png 24w, https:\/\/itech.lukasiewicz.gov.pl\/wp-content\/uploads\/sites\/38\/2025\/08\/Inwestycje-w-zakresie-potrzeb-obronnosci-panstwa-lub-bezpieczenstwa-publicznego-Lukasiewicz-ITECH-36x24.png 36w, https:\/\/itech.lukasiewicz.gov.pl\/wp-content\/uploads\/sites\/38\/2025\/08\/Inwestycje-w-zakresie-potrzeb-obronnosci-panstwa-lub-bezpieczenstwa-publicznego-Lukasiewicz-ITECH-48x32.png 48w\" sizes=\"(max-width: 300px) 100vw, 300px\" \/><\/div>\n\t\t<\/a>\n\t\t\t\t<div class=\"elementor-post__text\">\n\t\t\t\t<h3 class=\"elementor-post__title\">\n\t\t\t<a href=\"https:\/\/itech.lukasiewicz.gov.pl\/en\/publikacje\/inwestycje-w-zakresie-potrzeb-obronnosci-panstwa-lub-bezpieczenstwa-publicznego-uwagi-do-nowej-ustawy\/\" target=&quot;_blank&quot;>\n\t\t\t\tInwestycje w zakresie potrzeb obronno\u015bci pa\u0144stwa lub bezpiecze\u0144stwa publicznego. Uwagi do nowej ustawy\t\t\t<\/a>\n\t\t<\/h3>\n\t\t\t\t<div class=\"elementor-post__meta-data\">\n\t\t\t\t\t<span class=\"elementor-post-date\">\n\t\t\t2025-08-08\t\t<\/span>\n\t\t\t\t<\/div>\n\t\t\t\t\t<div class=\"elementor-post__read-more-wrapper\">\n\t\t\n\t\t<a class=\"elementor-post__read-more\" href=\"https:\/\/itech.lukasiewicz.gov.pl\/en\/publikacje\/inwestycje-w-zakresie-potrzeb-obronnosci-panstwa-lub-bezpieczenstwa-publicznego-uwagi-do-nowej-ustawy\/\" aria-label=\"Read more about Inwestycje w zakresie potrzeb obronno\u015bci pa\u0144stwa lub bezpiecze\u0144stwa publicznego. Uwagi do nowej ustawy\" tabindex=\"-1\" target=\"_blank\">\n\t\t\tRead more \"\t\t<\/a>\n\n\t\t\t\t\t<\/div>\n\t\t\t\t<\/div>\n\t\t\t\t<\/article>\n\t\t\t\t<article class=\"elementor-post elementor-grid-item post-50453 publikacje type-publikacje status-publish has-post-thumbnail hentry obszary-atom obszary-energetyka obszary-innowacje obszary-obronnosc obszary-przemysl-obronny obszary-startupy obszary-transfer-technologii obszary-wodor\" role=\"listitem\">\n\t\t\t\t<a class=\"elementor-post__thumbnail__link\" href=\"https:\/\/itech.lukasiewicz.gov.pl\/en\/publikacje\/nowa-strategia-bezpieczenstwa-narodowego-rp-zalozenia-i-wyzwania\/\" tabindex=\"-1\" target=&quot;_blank&quot;>\n\t\t\t<div class=\"elementor-post__thumbnail\"><img loading=\"lazy\" decoding=\"async\" width=\"300\" height=\"200\" src=\"https:\/\/itech.lukasiewicz.gov.pl\/wp-content\/uploads\/sites\/38\/2025\/08\/Nowa-strategia-bezpieczenstwa-narodowego-RP.-Zalozenia-i-wyzwania-Lukasiewicz-ITECH.png\" class=\"attachment-medium size-medium wp-image-59170\" alt=\"\" srcset=\"https:\/\/itech.lukasiewicz.gov.pl\/wp-content\/uploads\/sites\/38\/2025\/08\/Nowa-strategia-bezpieczenstwa-narodowego-RP.-Zalozenia-i-wyzwania-Lukasiewicz-ITECH.png 300w, https:\/\/itech.lukasiewicz.gov.pl\/wp-content\/uploads\/sites\/38\/2025\/08\/Nowa-strategia-bezpieczenstwa-narodowego-RP.-Zalozenia-i-wyzwania-Lukasiewicz-ITECH-24x16.png 24w, https:\/\/itech.lukasiewicz.gov.pl\/wp-content\/uploads\/sites\/38\/2025\/08\/Nowa-strategia-bezpieczenstwa-narodowego-RP.-Zalozenia-i-wyzwania-Lukasiewicz-ITECH-36x24.png 36w, https:\/\/itech.lukasiewicz.gov.pl\/wp-content\/uploads\/sites\/38\/2025\/08\/Nowa-strategia-bezpieczenstwa-narodowego-RP.-Zalozenia-i-wyzwania-Lukasiewicz-ITECH-48x32.png 48w\" sizes=\"(max-width: 300px) 100vw, 300px\" \/><\/div>\n\t\t<\/a>\n\t\t\t\t<div class=\"elementor-post__text\">\n\t\t\t\t<h3 class=\"elementor-post__title\">\n\t\t\t<a href=\"https:\/\/itech.lukasiewicz.gov.pl\/en\/publikacje\/nowa-strategia-bezpieczenstwa-narodowego-rp-zalozenia-i-wyzwania\/\" target=&quot;_blank&quot;>\n\t\t\t\tNowa strategia bezpiecze\u0144stwa narodowego RP. Za\u0142o\u017cenia i wyzwania\t\t\t<\/a>\n\t\t<\/h3>\n\t\t\t\t<div class=\"elementor-post__meta-data\">\n\t\t\t\t\t<span class=\"elementor-post-date\">\n\t\t\t2025-08-06\t\t<\/span>\n\t\t\t\t<\/div>\n\t\t\t\t\t<div class=\"elementor-post__read-more-wrapper\">\n\t\t\n\t\t<a class=\"elementor-post__read-more\" href=\"https:\/\/itech.lukasiewicz.gov.pl\/en\/publikacje\/nowa-strategia-bezpieczenstwa-narodowego-rp-zalozenia-i-wyzwania\/\" aria-label=\"Read more about Nowa strategia bezpiecze\u0144stwa narodowego RP. Za\u0142o\u017cenia i wyzwania\" tabindex=\"-1\" target=\"_blank\">\n\t\t\tRead more \"\t\t<\/a>\n\n\t\t\t\t\t<\/div>\n\t\t\t\t<\/div>\n\t\t\t\t<\/article>\n\t\t\t\t<article class=\"elementor-post elementor-grid-item post-50400 publikacje type-publikacje status-publish has-post-thumbnail hentry obszary-atom obszary-energetyka obszary-innowacje obszary-obronnosc obszary-przemysl-obronny obszary-startupy obszary-transfer-technologii obszary-wodor\" role=\"listitem\">\n\t\t\t\t<a class=\"elementor-post__thumbnail__link\" href=\"https:\/\/itech.lukasiewicz.gov.pl\/en\/publikacje\/ku-jednolitemu-rynkowi-innowacji-european-innovation-act-jako-instrument-systemowej-przebudowy-polityki-innowacyjnej-ue\/\" tabindex=\"-1\" target=&quot;_blank&quot;>\n\t\t\t<div class=\"elementor-post__thumbnail\"><img loading=\"lazy\" decoding=\"async\" width=\"300\" height=\"200\" src=\"https:\/\/itech.lukasiewicz.gov.pl\/wp-content\/uploads\/sites\/38\/2025\/08\/Ku-jednolitemu-rynkowi-innowacji.-European-Innovation-Act-instrument-systemowy-UE.png\" class=\"attachment-medium size-medium wp-image-59172\" alt=\"\" srcset=\"https:\/\/itech.lukasiewicz.gov.pl\/wp-content\/uploads\/sites\/38\/2025\/08\/Ku-jednolitemu-rynkowi-innowacji.-European-Innovation-Act-instrument-systemowy-UE.png 300w, https:\/\/itech.lukasiewicz.gov.pl\/wp-content\/uploads\/sites\/38\/2025\/08\/Ku-jednolitemu-rynkowi-innowacji.-European-Innovation-Act-instrument-systemowy-UE-24x16.png 24w, https:\/\/itech.lukasiewicz.gov.pl\/wp-content\/uploads\/sites\/38\/2025\/08\/Ku-jednolitemu-rynkowi-innowacji.-European-Innovation-Act-instrument-systemowy-UE-36x24.png 36w, https:\/\/itech.lukasiewicz.gov.pl\/wp-content\/uploads\/sites\/38\/2025\/08\/Ku-jednolitemu-rynkowi-innowacji.-European-Innovation-Act-instrument-systemowy-UE-48x32.png 48w\" sizes=\"(max-width: 300px) 100vw, 300px\" \/><\/div>\n\t\t<\/a>\n\t\t\t\t<div class=\"elementor-post__text\">\n\t\t\t\t<h3 class=\"elementor-post__title\">\n\t\t\t<a href=\"https:\/\/itech.lukasiewicz.gov.pl\/en\/publikacje\/ku-jednolitemu-rynkowi-innowacji-european-innovation-act-jako-instrument-systemowej-przebudowy-polityki-innowacyjnej-ue\/\" target=&quot;_blank&quot;>\n\t\t\t\tKu jednolitemu rynkowi innowacji: European Innovation Act jako instrument systemowej przebudowy polityki innowacyjnej UE\t\t\t<\/a>\n\t\t<\/h3>\n\t\t\t\t<div class=\"elementor-post__meta-data\">\n\t\t\t\t\t<span class=\"elementor-post-date\">\n\t\t\t2025-08-05\t\t<\/span>\n\t\t\t\t<\/div>\n\t\t\t\t\t<div class=\"elementor-post__read-more-wrapper\">\n\t\t\n\t\t<a class=\"elementor-post__read-more\" href=\"https:\/\/itech.lukasiewicz.gov.pl\/en\/publikacje\/ku-jednolitemu-rynkowi-innowacji-european-innovation-act-jako-instrument-systemowej-przebudowy-polityki-innowacyjnej-ue\/\" aria-label=\"Read more about Ku jednolitemu rynkowi innowacji: European Innovation Act jako instrument systemowej przebudowy polityki innowacyjnej UE\" tabindex=\"-1\" target=\"_blank\">\n\t\t\tRead more \"\t\t<\/a>\n\n\t\t\t\t\t<\/div>\n\t\t\t\t<\/div>\n\t\t\t\t<\/article>\n\t\t\t\t<article class=\"elementor-post elementor-grid-item post-50280 publikacje type-publikacje status-publish has-post-thumbnail hentry obszary-atom obszary-energetyka obszary-innowacje obszary-obronnosc obszary-przemysl-obronny obszary-startupy obszary-transfer-technologii obszary-wodor\" role=\"listitem\">\n\t\t\t\t<a class=\"elementor-post__thumbnail__link\" href=\"https:\/\/itech.lukasiewicz.gov.pl\/en\/publikacje\/reconnect-identyfikacja-luk-badawczych-w-obszarze-higieny-cyfrowej-nastolatkow\/\" tabindex=\"-1\" target=&quot;_blank&quot;>\n\t\t\t<div class=\"elementor-post__thumbnail\"><img loading=\"lazy\" decoding=\"async\" width=\"300\" height=\"200\" src=\"https:\/\/itech.lukasiewicz.gov.pl\/wp-content\/uploads\/sites\/38\/2025\/08\/ReConnect.-Identyfikacja-luk-badawczych-w-obszarze-higieny-cyfrowej-nastolatkow-Lukasiewicz-ITECH.png\" class=\"attachment-medium size-medium wp-image-59173\" alt=\"\" srcset=\"https:\/\/itech.lukasiewicz.gov.pl\/wp-content\/uploads\/sites\/38\/2025\/08\/ReConnect.-Identyfikacja-luk-badawczych-w-obszarze-higieny-cyfrowej-nastolatkow-Lukasiewicz-ITECH.png 300w, https:\/\/itech.lukasiewicz.gov.pl\/wp-content\/uploads\/sites\/38\/2025\/08\/ReConnect.-Identyfikacja-luk-badawczych-w-obszarze-higieny-cyfrowej-nastolatkow-Lukasiewicz-ITECH-24x16.png 24w, https:\/\/itech.lukasiewicz.gov.pl\/wp-content\/uploads\/sites\/38\/2025\/08\/ReConnect.-Identyfikacja-luk-badawczych-w-obszarze-higieny-cyfrowej-nastolatkow-Lukasiewicz-ITECH-36x24.png 36w, https:\/\/itech.lukasiewicz.gov.pl\/wp-content\/uploads\/sites\/38\/2025\/08\/ReConnect.-Identyfikacja-luk-badawczych-w-obszarze-higieny-cyfrowej-nastolatkow-Lukasiewicz-ITECH-48x32.png 48w\" sizes=\"(max-width: 300px) 100vw, 300px\" \/><\/div>\n\t\t<\/a>\n\t\t\t\t<div class=\"elementor-post__text\">\n\t\t\t\t<h3 class=\"elementor-post__title\">\n\t\t\t<a href=\"https:\/\/itech.lukasiewicz.gov.pl\/en\/publikacje\/reconnect-identyfikacja-luk-badawczych-w-obszarze-higieny-cyfrowej-nastolatkow\/\" target=&quot;_blank&quot;>\n\t\t\t\tReConnect. Identyfikacja luk badawczych w obszarze higieny cyfrowej nastolatk\u00f3w\t\t\t<\/a>\n\t\t<\/h3>\n\t\t\t\t<div class=\"elementor-post__meta-data\">\n\t\t\t\t\t<span class=\"elementor-post-date\">\n\t\t\t2025-08-01\t\t<\/span>\n\t\t\t\t<\/div>\n\t\t\t\t\t<div class=\"elementor-post__read-more-wrapper\">\n\t\t\n\t\t<a class=\"elementor-post__read-more\" href=\"https:\/\/itech.lukasiewicz.gov.pl\/en\/publikacje\/reconnect-identyfikacja-luk-badawczych-w-obszarze-higieny-cyfrowej-nastolatkow\/\" aria-label=\"Read more about ReConnect. Identyfikacja luk badawczych w obszarze higieny cyfrowej nastolatk\u00f3w\" tabindex=\"-1\" target=\"_blank\">\n\t\t\tRead more \"\t\t<\/a>\n\n\t\t\t\t\t<\/div>\n\t\t\t\t<\/div>\n\t\t\t\t<\/article>\n\t\t\t\t<article class=\"elementor-post elementor-grid-item post-50098 publikacje type-publikacje status-publish has-post-thumbnail hentry obszary-atom obszary-energetyka obszary-innowacje obszary-obronnosc obszary-przemysl-obronny obszary-startupy obszary-transfer-technologii obszary-wodor\" role=\"listitem\">\n\t\t\t\t<a class=\"elementor-post__thumbnail__link\" href=\"https:\/\/itech.lukasiewicz.gov.pl\/en\/publikacje\/od-cyfrowego-portfela-do-projektowania-cyfrowego-dobrostanu-czyli-jak-uczynic-internet-lepszym-miejscem-dla-dzieci\/\" tabindex=\"-1\" target=&quot;_blank&quot;>\n\t\t\t<div class=\"elementor-post__thumbnail\"><img loading=\"lazy\" decoding=\"async\" width=\"300\" height=\"200\" src=\"https:\/\/itech.lukasiewicz.gov.pl\/wp-content\/uploads\/sites\/38\/2025\/07\/Od-cyfrowego-portfela-do-projektowania-cyfrowego-dobrostanu.-Jak-uczynic-internet-lepszym-miejscem-dla-dzieci.png\" class=\"attachment-medium size-medium wp-image-59187\" alt=\"\" srcset=\"https:\/\/itech.lukasiewicz.gov.pl\/wp-content\/uploads\/sites\/38\/2025\/07\/Od-cyfrowego-portfela-do-projektowania-cyfrowego-dobrostanu.-Jak-uczynic-internet-lepszym-miejscem-dla-dzieci.png 300w, https:\/\/itech.lukasiewicz.gov.pl\/wp-content\/uploads\/sites\/38\/2025\/07\/Od-cyfrowego-portfela-do-projektowania-cyfrowego-dobrostanu.-Jak-uczynic-internet-lepszym-miejscem-dla-dzieci-24x16.png 24w, https:\/\/itech.lukasiewicz.gov.pl\/wp-content\/uploads\/sites\/38\/2025\/07\/Od-cyfrowego-portfela-do-projektowania-cyfrowego-dobrostanu.-Jak-uczynic-internet-lepszym-miejscem-dla-dzieci-36x24.png 36w, https:\/\/itech.lukasiewicz.gov.pl\/wp-content\/uploads\/sites\/38\/2025\/07\/Od-cyfrowego-portfela-do-projektowania-cyfrowego-dobrostanu.-Jak-uczynic-internet-lepszym-miejscem-dla-dzieci-48x32.png 48w\" sizes=\"(max-width: 300px) 100vw, 300px\" \/><\/div>\n\t\t<\/a>\n\t\t\t\t<div class=\"elementor-post__text\">\n\t\t\t\t<h3 class=\"elementor-post__title\">\n\t\t\t<a href=\"https:\/\/itech.lukasiewicz.gov.pl\/en\/publikacje\/od-cyfrowego-portfela-do-projektowania-cyfrowego-dobrostanu-czyli-jak-uczynic-internet-lepszym-miejscem-dla-dzieci\/\" target=&quot;_blank&quot;>\n\t\t\t\tOd cyfrowego portfela do projektowania cyfrowego dobrostanu, czyli jak uczyni\u0107 internet lepszym miejscem dla dzieci\t\t\t<\/a>\n\t\t<\/h3>\n\t\t\t\t<div class=\"elementor-post__meta-data\">\n\t\t\t\t\t<span class=\"elementor-post-date\">\n\t\t\t2025-07-24\t\t<\/span>\n\t\t\t\t<\/div>\n\t\t\t\t\t<div class=\"elementor-post__read-more-wrapper\">\n\t\t\n\t\t<a class=\"elementor-post__read-more\" href=\"https:\/\/itech.lukasiewicz.gov.pl\/en\/publikacje\/od-cyfrowego-portfela-do-projektowania-cyfrowego-dobrostanu-czyli-jak-uczynic-internet-lepszym-miejscem-dla-dzieci\/\" aria-label=\"Read more about Od cyfrowego portfela do projektowania cyfrowego dobrostanu, czyli jak uczyni\u0107 internet lepszym miejscem dla dzieci\" tabindex=\"-1\" target=\"_blank\">\n\t\t\tRead more \"\t\t<\/a>\n\n\t\t\t\t\t<\/div>\n\t\t\t\t<\/div>\n\t\t\t\t<\/article>\n\t\t\t\t<article class=\"elementor-post elementor-grid-item post-49951 publikacje type-publikacje status-publish has-post-thumbnail hentry obszary-inne\" role=\"listitem\">\n\t\t\t\t<a class=\"elementor-post__thumbnail__link\" href=\"https:\/\/itech.lukasiewicz.gov.pl\/en\/publikacje\/reconnect-higiena-cyfrowa-dzieci-i-mlodziezy-wybrane-programy-edukacyjne-oraz-kampanie-spoleczne\/\" tabindex=\"-1\" target=&quot;_blank&quot;>\n\t\t\t<div class=\"elementor-post__thumbnail\"><img loading=\"lazy\" decoding=\"async\" width=\"300\" height=\"200\" src=\"https:\/\/itech.lukasiewicz.gov.pl\/wp-content\/uploads\/sites\/38\/2025\/07\/ReConnect.-Higiena-cyfrowa-dzieci-i-mlodziezy.png\" class=\"attachment-medium size-medium wp-image-59186\" alt=\"\" srcset=\"https:\/\/itech.lukasiewicz.gov.pl\/wp-content\/uploads\/sites\/38\/2025\/07\/ReConnect.-Higiena-cyfrowa-dzieci-i-mlodziezy.png 300w, https:\/\/itech.lukasiewicz.gov.pl\/wp-content\/uploads\/sites\/38\/2025\/07\/ReConnect.-Higiena-cyfrowa-dzieci-i-mlodziezy-24x16.png 24w, https:\/\/itech.lukasiewicz.gov.pl\/wp-content\/uploads\/sites\/38\/2025\/07\/ReConnect.-Higiena-cyfrowa-dzieci-i-mlodziezy-36x24.png 36w, https:\/\/itech.lukasiewicz.gov.pl\/wp-content\/uploads\/sites\/38\/2025\/07\/ReConnect.-Higiena-cyfrowa-dzieci-i-mlodziezy-48x32.png 48w\" sizes=\"(max-width: 300px) 100vw, 300px\" \/><\/div>\n\t\t<\/a>\n\t\t\t\t<div class=\"elementor-post__text\">\n\t\t\t\t<h3 class=\"elementor-post__title\">\n\t\t\t<a href=\"https:\/\/itech.lukasiewicz.gov.pl\/en\/publikacje\/reconnect-higiena-cyfrowa-dzieci-i-mlodziezy-wybrane-programy-edukacyjne-oraz-kampanie-spoleczne\/\" target=&quot;_blank&quot;>\n\t\t\t\tReConnect. Higiena cyfrowa dzieci i m\u0142odzie\u017cy. Wybrane programy edukacyjne oraz kampanie spo\u0142eczne\t\t\t<\/a>\n\t\t<\/h3>\n\t\t\t\t<div class=\"elementor-post__meta-data\">\n\t\t\t\t\t<span class=\"elementor-post-date\">\n\t\t\t2025-07-22\t\t<\/span>\n\t\t\t\t<\/div>\n\t\t\t\t\t<div class=\"elementor-post__read-more-wrapper\">\n\t\t\n\t\t<a class=\"elementor-post__read-more\" href=\"https:\/\/itech.lukasiewicz.gov.pl\/en\/publikacje\/reconnect-higiena-cyfrowa-dzieci-i-mlodziezy-wybrane-programy-edukacyjne-oraz-kampanie-spoleczne\/\" aria-label=\"Read more about ReConnect. Higiena cyfrowa dzieci i m\u0142odzie\u017cy. Wybrane programy edukacyjne oraz kampanie spo\u0142eczne\" tabindex=\"-1\" target=\"_blank\">\n\t\t\tRead more \"\t\t<\/a>\n\n\t\t\t\t\t<\/div>\n\t\t\t\t<\/div>\n\t\t\t\t<\/article>\n\t\t\t\t<article class=\"elementor-post elementor-grid-item post-49927 publikacje type-publikacje status-publish has-post-thumbnail hentry obszary-atom obszary-energetyka obszary-innowacje obszary-obronnosc obszary-przemysl-obronny obszary-startupy obszary-transfer-technologii obszary-wodor\" role=\"listitem\">\n\t\t\t\t<a class=\"elementor-post__thumbnail__link\" href=\"https:\/\/itech.lukasiewicz.gov.pl\/en\/publikacje\/wodor-pod-cisnieniem-polska-pod-presja\/\" tabindex=\"-1\" target=&quot;_blank&quot;>\n\t\t\t<div class=\"elementor-post__thumbnail\"><img loading=\"lazy\" decoding=\"async\" width=\"300\" height=\"200\" src=\"https:\/\/itech.lukasiewicz.gov.pl\/wp-content\/uploads\/sites\/38\/2025\/07\/Wodor-po-cisnieniem-Polska-pod-presja-Lukasiewicz-ITECH.png\" class=\"attachment-medium size-medium wp-image-59181\" alt=\"\" srcset=\"https:\/\/itech.lukasiewicz.gov.pl\/wp-content\/uploads\/sites\/38\/2025\/07\/Wodor-po-cisnieniem-Polska-pod-presja-Lukasiewicz-ITECH.png 300w, https:\/\/itech.lukasiewicz.gov.pl\/wp-content\/uploads\/sites\/38\/2025\/07\/Wodor-po-cisnieniem-Polska-pod-presja-Lukasiewicz-ITECH-24x16.png 24w, https:\/\/itech.lukasiewicz.gov.pl\/wp-content\/uploads\/sites\/38\/2025\/07\/Wodor-po-cisnieniem-Polska-pod-presja-Lukasiewicz-ITECH-36x24.png 36w, https:\/\/itech.lukasiewicz.gov.pl\/wp-content\/uploads\/sites\/38\/2025\/07\/Wodor-po-cisnieniem-Polska-pod-presja-Lukasiewicz-ITECH-48x32.png 48w\" sizes=\"(max-width: 300px) 100vw, 300px\" \/><\/div>\n\t\t<\/a>\n\t\t\t\t<div class=\"elementor-post__text\">\n\t\t\t\t<h3 class=\"elementor-post__title\">\n\t\t\t<a href=\"https:\/\/itech.lukasiewicz.gov.pl\/en\/publikacje\/wodor-pod-cisnieniem-polska-pod-presja\/\" target=&quot;_blank&quot;>\n\t\t\t\tWod\u00f3r pod ci\u015bnieniem, Polska pod presj\u0105?\t\t\t<\/a>\n\t\t<\/h3>\n\t\t\t\t<div class=\"elementor-post__meta-data\">\n\t\t\t\t\t<span class=\"elementor-post-date\">\n\t\t\t2025-07-21\t\t<\/span>\n\t\t\t\t<\/div>\n\t\t\t\t\t<div class=\"elementor-post__read-more-wrapper\">\n\t\t\n\t\t<a class=\"elementor-post__read-more\" href=\"https:\/\/itech.lukasiewicz.gov.pl\/en\/publikacje\/wodor-pod-cisnieniem-polska-pod-presja\/\" aria-label=\"Read more about Wod\u00f3r pod ci\u015bnieniem, Polska pod presj\u0105?\" tabindex=\"-1\" target=\"_blank\">\n\t\t\tRead more \"\t\t<\/a>\n\n\t\t\t\t\t<\/div>\n\t\t\t\t<\/div>\n\t\t\t\t<\/article>\n\t\t\t\t<article class=\"elementor-post elementor-grid-item post-49743 publikacje type-publikacje status-publish has-post-thumbnail hentry obszary-atom obszary-energetyka obszary-innowacje obszary-obronnosc obszary-przemysl-obronny obszary-startupy obszary-transfer-technologii obszary-wodor\" role=\"listitem\">\n\t\t\t\t<a class=\"elementor-post__thumbnail__link\" href=\"https:\/\/itech.lukasiewicz.gov.pl\/en\/publikacje\/nasz-ekspert-dr-hab-tomasz-pawluszko-w-punkcie-widzenia-jankowskiego\/\" tabindex=\"-1\" target=&quot;_blank&quot;>\n\t\t\t<div class=\"elementor-post__thumbnail\"><img loading=\"lazy\" decoding=\"async\" width=\"300\" height=\"200\" src=\"https:\/\/itech.lukasiewicz.gov.pl\/wp-content\/uploads\/sites\/38\/2025\/07\/Nasz-ekspert-dr-hab.-Tomasz-Pawluszko-w-Punkcie-widzenia-Jankowskiego-Lukasiewicz-ITECH.png\" class=\"attachment-medium size-medium wp-image-59185\" alt=\"\" srcset=\"https:\/\/itech.lukasiewicz.gov.pl\/wp-content\/uploads\/sites\/38\/2025\/07\/Nasz-ekspert-dr-hab.-Tomasz-Pawluszko-w-Punkcie-widzenia-Jankowskiego-Lukasiewicz-ITECH.png 300w, https:\/\/itech.lukasiewicz.gov.pl\/wp-content\/uploads\/sites\/38\/2025\/07\/Nasz-ekspert-dr-hab.-Tomasz-Pawluszko-w-Punkcie-widzenia-Jankowskiego-Lukasiewicz-ITECH-24x16.png 24w, https:\/\/itech.lukasiewicz.gov.pl\/wp-content\/uploads\/sites\/38\/2025\/07\/Nasz-ekspert-dr-hab.-Tomasz-Pawluszko-w-Punkcie-widzenia-Jankowskiego-Lukasiewicz-ITECH-36x24.png 36w, https:\/\/itech.lukasiewicz.gov.pl\/wp-content\/uploads\/sites\/38\/2025\/07\/Nasz-ekspert-dr-hab.-Tomasz-Pawluszko-w-Punkcie-widzenia-Jankowskiego-Lukasiewicz-ITECH-48x32.png 48w\" sizes=\"(max-width: 300px) 100vw, 300px\" \/><\/div>\n\t\t<\/a>\n\t\t\t\t<div class=\"elementor-post__text\">\n\t\t\t\t<h3 class=\"elementor-post__title\">\n\t\t\t<a href=\"https:\/\/itech.lukasiewicz.gov.pl\/en\/publikacje\/nasz-ekspert-dr-hab-tomasz-pawluszko-w-punkcie-widzenia-jankowskiego\/\" target=&quot;_blank&quot;>\n\t\t\t\tNasz ekspert dr hab. Tomasz Paw\u0142uszko w Punkcie widzenia Jankowskiego\t\t\t<\/a>\n\t\t<\/h3>\n\t\t\t\t<div class=\"elementor-post__meta-data\">\n\t\t\t\t\t<span class=\"elementor-post-date\">\n\t\t\t2025-07-16\t\t<\/span>\n\t\t\t\t<\/div>\n\t\t\t\t\t<div class=\"elementor-post__read-more-wrapper\">\n\t\t\n\t\t<a class=\"elementor-post__read-more\" href=\"https:\/\/itech.lukasiewicz.gov.pl\/en\/publikacje\/nasz-ekspert-dr-hab-tomasz-pawluszko-w-punkcie-widzenia-jankowskiego\/\" aria-label=\"Read more about Nasz ekspert dr hab. Tomasz Paw\u0142uszko w Punkcie widzenia Jankowskiego\" tabindex=\"-1\" target=\"_blank\">\n\t\t\tRead more \"\t\t<\/a>\n\n\t\t\t\t\t<\/div>\n\t\t\t\t<\/div>\n\t\t\t\t<\/article>\n\t\t\t\t<article class=\"elementor-post elementor-grid-item post-49686 publikacje type-publikacje status-publish has-post-thumbnail hentry obszary-atom obszary-energetyka obszary-innowacje obszary-obronnosc obszary-przemysl-obronny obszary-startupy obszary-transfer-technologii obszary-wodor\" role=\"listitem\">\n\t\t\t\t<a class=\"elementor-post__thumbnail__link\" href=\"https:\/\/itech.lukasiewicz.gov.pl\/en\/publikacje\/smartfony-w-szkolach-czy-zakaz-przynoszenia-telefonow-komorkowych-zapewni-uczniom-bezpieczne-dziecinstwo\/\" tabindex=\"-1\" target=&quot;_blank&quot;>\n\t\t\t<div class=\"elementor-post__thumbnail\"><img loading=\"lazy\" decoding=\"async\" width=\"300\" height=\"200\" src=\"https:\/\/itech.lukasiewicz.gov.pl\/wp-content\/uploads\/sites\/38\/2025\/07\/Smartfony-w-szkolach.-Czy-zakaz-przynoszenia-telefonow-komorkowych-zapewni-uczniom-szczesliwe-dziecinstwo-Lukasiewicz-ITECH.png\" class=\"attachment-medium size-medium wp-image-59183\" alt=\"\" srcset=\"https:\/\/itech.lukasiewicz.gov.pl\/wp-content\/uploads\/sites\/38\/2025\/07\/Smartfony-w-szkolach.-Czy-zakaz-przynoszenia-telefonow-komorkowych-zapewni-uczniom-szczesliwe-dziecinstwo-Lukasiewicz-ITECH.png 300w, https:\/\/itech.lukasiewicz.gov.pl\/wp-content\/uploads\/sites\/38\/2025\/07\/Smartfony-w-szkolach.-Czy-zakaz-przynoszenia-telefonow-komorkowych-zapewni-uczniom-szczesliwe-dziecinstwo-Lukasiewicz-ITECH-24x16.png 24w, https:\/\/itech.lukasiewicz.gov.pl\/wp-content\/uploads\/sites\/38\/2025\/07\/Smartfony-w-szkolach.-Czy-zakaz-przynoszenia-telefonow-komorkowych-zapewni-uczniom-szczesliwe-dziecinstwo-Lukasiewicz-ITECH-36x24.png 36w, https:\/\/itech.lukasiewicz.gov.pl\/wp-content\/uploads\/sites\/38\/2025\/07\/Smartfony-w-szkolach.-Czy-zakaz-przynoszenia-telefonow-komorkowych-zapewni-uczniom-szczesliwe-dziecinstwo-Lukasiewicz-ITECH-48x32.png 48w\" sizes=\"(max-width: 300px) 100vw, 300px\" \/><\/div>\n\t\t<\/a>\n\t\t\t\t<div class=\"elementor-post__text\">\n\t\t\t\t<h3 class=\"elementor-post__title\">\n\t\t\t<a href=\"https:\/\/itech.lukasiewicz.gov.pl\/en\/publikacje\/smartfony-w-szkolach-czy-zakaz-przynoszenia-telefonow-komorkowych-zapewni-uczniom-bezpieczne-dziecinstwo\/\" target=&quot;_blank&quot;>\n\t\t\t\tSmartfony w szko\u0142ach czy zakaz przynoszenia telefon\u00f3w kom\u00f3rkowych zapewni uczniom bezpieczne dzieci\u0144stwo?\t\t\t<\/a>\n\t\t<\/h3>\n\t\t\t\t<div class=\"elementor-post__meta-data\">\n\t\t\t\t\t<span class=\"elementor-post-date\">\n\t\t\t2025-07-15\t\t<\/span>\n\t\t\t\t<\/div>\n\t\t\t\t\t<div class=\"elementor-post__read-more-wrapper\">\n\t\t\n\t\t<a class=\"elementor-post__read-more\" href=\"https:\/\/itech.lukasiewicz.gov.pl\/en\/publikacje\/smartfony-w-szkolach-czy-zakaz-przynoszenia-telefonow-komorkowych-zapewni-uczniom-bezpieczne-dziecinstwo\/\" aria-label=\"Read more about Smartfony w szko\u0142ach czy zakaz przynoszenia telefon\u00f3w kom\u00f3rkowych zapewni uczniom bezpieczne dzieci\u0144stwo?\" tabindex=\"-1\" target=\"_blank\">\n\t\t\tRead more \"\t\t<\/a>\n\n\t\t\t\t\t<\/div>\n\t\t\t\t<\/div>\n\t\t\t\t<\/article>\n\t\t\t\t<\/div>\n\t\t\n\t\t\t\t\t\t<\/div>\n\t\t\t\t<\/div>\n\t\t\t\t<div class=\"elementor-element elementor-element-a123caf elementor-widget elementor-widget-spacer\" data-id=\"a123caf\" data-element_type=\"widget\" data-e-type=\"widget\" data-widget_type=\"spacer.default\">\n\t\t\t\t<div class=\"elementor-widget-container\">\n\t\t\t\t\t\t\t<div class=\"elementor-spacer\">\n\t\t\t<div class=\"elementor-spacer-inner\"><\/div>\n\t\t<\/div>\n\t\t\t\t\t\t<\/div>\n\t\t\t\t<\/div>\n\t\t\t\t\t<\/div>\n\t\t\t\t<\/div>\n\t\t<div class=\"elementor-element elementor-element-c76328a e-grid e-con-boxed e-con e-parent\" data-id=\"c76328a\" data-element_type=\"container\" data-e-type=\"container\">\n\t\t\t\t\t<div class=\"e-con-inner\">\n\t\t\t\t<div class=\"elementor-element elementor-element-2a5fa55 elementor-widget elementor-widget-heading\" data-id=\"2a5fa55\" data-element_type=\"widget\" data-e-type=\"widget\" data-widget_type=\"heading.default\">\n\t\t\t\t<div class=\"elementor-widget-container\">\n\t\t\t\t\t<p class=\"elementor-heading-title elementor-size-default\"><a href=\"https:\/\/itech.lukasiewicz.gov.pl\/en\/?page_id=51456\">&lt;&lt;&lt; <\/a><\/p>\t\t\t\t<\/div>\n\t\t\t\t<\/div>\n\t\t\t\t<div class=\"elementor-element elementor-element-98605a6 elementor-align-justify elementor-widget elementor-widget-button\" data-id=\"98605a6\" data-element_type=\"widget\" data-e-type=\"widget\" data-widget_type=\"button.default\">\n\t\t\t\t<div class=\"elementor-widget-container\">\n\t\t\t\t\t\t\t\t\t<div class=\"elementor-button-wrapper\">\n\t\t\t\t\t<a class=\"elementor-button elementor-button-link elementor-size-sm\" href=\"https:\/\/itech.lukasiewicz.gov.pl\/en\/?page_id=51456\">\n\t\t\t\t\t\t<span class=\"elementor-button-content-wrapper\">\n\t\t\t\t\t\t\t\t\t<span class=\"elementor-button-text\">1<\/span>\n\t\t\t\t\t<\/span>\n\t\t\t\t\t<\/a>\n\t\t\t\t<\/div>\n\t\t\t\t\t\t\t\t<\/div>\n\t\t\t\t<\/div>\n\t\t\t\t<div class=\"elementor-element elementor-element-4f40dbb elementor-align-justify elementor-widget__width-initial elementor-widget elementor-widget-button\" data-id=\"4f40dbb\" data-element_type=\"widget\" data-e-type=\"widget\" data-widget_type=\"button.default\">\n\t\t\t\t<div class=\"elementor-widget-container\">\n\t\t\t\t\t\t\t\t\t<div class=\"elementor-button-wrapper\">\n\t\t\t\t\t<a class=\"elementor-button elementor-button-link elementor-size-sm\" href=\"https:\/\/itech.lukasiewicz.gov.pl\/en\/publications-2\/\">\n\t\t\t\t\t\t<span class=\"elementor-button-content-wrapper\">\n\t\t\t\t\t\t<span class=\"elementor-button-icon\">\n\t\t\t\t<i aria-hidden=\"true\" class=\"far fa-check-square\"><\/i>\t\t\t<\/span>\n\t\t\t\t\t\t\t\t<\/span>\n\t\t\t\t\t<\/a>\n\t\t\t\t<\/div>\n\t\t\t\t\t\t\t\t<\/div>\n\t\t\t\t<\/div>\n\t\t\t\t<div class=\"elementor-element elementor-element-8137433 elementor-align-justify elementor-widget elementor-widget-button\" data-id=\"8137433\" data-element_type=\"widget\" data-e-type=\"widget\" data-widget_type=\"button.default\">\n\t\t\t\t<div class=\"elementor-widget-container\">\n\t\t\t\t\t\t\t\t\t<div class=\"elementor-button-wrapper\">\n\t\t\t\t\t<a class=\"elementor-button elementor-button-link elementor-size-sm\" href=\"https:\/\/itech.lukasiewicz.gov.pl\/en\/publications-3\/\">\n\t\t\t\t\t\t<span class=\"elementor-button-content-wrapper\">\n\t\t\t\t\t\t\t\t\t<span class=\"elementor-button-text\">3<\/span>\n\t\t\t\t\t<\/span>\n\t\t\t\t\t<\/a>\n\t\t\t\t<\/div>\n\t\t\t\t\t\t\t\t<\/div>\n\t\t\t\t<\/div>\n\t\t\t\t<div class=\"elementor-element elementor-element-b8cc3ce elementor-align-justify elementor-widget elementor-widget-button\" data-id=\"b8cc3ce\" data-element_type=\"widget\" data-e-type=\"widget\" data-widget_type=\"button.default\">\n\t\t\t\t<div class=\"elementor-widget-container\">\n\t\t\t\t\t\t\t\t\t<div class=\"elementor-button-wrapper\">\n\t\t\t\t\t<a class=\"elementor-button elementor-button-link elementor-size-sm\" href=\"https:\/\/itech.lukasiewicz.gov.pl\/en\/publications-4\/\">\n\t\t\t\t\t\t<span class=\"elementor-button-content-wrapper\">\n\t\t\t\t\t\t\t\t\t<span class=\"elementor-button-text\">4<\/span>\n\t\t\t\t\t<\/span>\n\t\t\t\t\t<\/a>\n\t\t\t\t<\/div>\n\t\t\t\t\t\t\t\t<\/div>\n\t\t\t\t<\/div>\n\t\t\t\t<div class=\"elementor-element elementor-element-c20a494 elementor-align-justify elementor-widget elementor-widget-button\" data-id=\"c20a494\" data-element_type=\"widget\" data-e-type=\"widget\" data-widget_type=\"button.default\">\n\t\t\t\t<div class=\"elementor-widget-container\">\n\t\t\t\t\t\t\t\t\t<div class=\"elementor-button-wrapper\">\n\t\t\t\t\t<a class=\"elementor-button elementor-button-link elementor-size-sm\" href=\"https:\/\/itech.lukasiewicz.gov.pl\/en\/publications-5\/\">\n\t\t\t\t\t\t<span class=\"elementor-button-content-wrapper\">\n\t\t\t\t\t\t\t\t\t<span class=\"elementor-button-text\">5<\/span>\n\t\t\t\t\t<\/span>\n\t\t\t\t\t<\/a>\n\t\t\t\t<\/div>\n\t\t\t\t\t\t\t\t<\/div>\n\t\t\t\t<\/div>\n\t\t\t\t<div class=\"elementor-element elementor-element-ad9873b elementor-align-justify elementor-widget elementor-widget-button\" data-id=\"ad9873b\" data-element_type=\"widget\" data-e-type=\"widget\" data-widget_type=\"button.default\">\n\t\t\t\t<div class=\"elementor-widget-container\">\n\t\t\t\t\t\t\t\t\t<div class=\"elementor-button-wrapper\">\n\t\t\t\t\t<a class=\"elementor-button elementor-button-link elementor-size-sm\" href=\"https:\/\/itech.lukasiewicz.gov.pl\/en\/publications-6\/\">\n\t\t\t\t\t\t<span class=\"elementor-button-content-wrapper\">\n\t\t\t\t\t\t\t\t\t<span class=\"elementor-button-text\">6<\/span>\n\t\t\t\t\t<\/span>\n\t\t\t\t\t<\/a>\n\t\t\t\t<\/div>\n\t\t\t\t\t\t\t\t<\/div>\n\t\t\t\t<\/div>\n\t\t\t\t<div class=\"elementor-element elementor-element-de28b9e elementor-align-justify elementor-widget elementor-widget-button\" data-id=\"de28b9e\" data-element_type=\"widget\" data-e-type=\"widget\" data-widget_type=\"button.default\">\n\t\t\t\t<div class=\"elementor-widget-container\">\n\t\t\t\t\t\t\t\t\t<div class=\"elementor-button-wrapper\">\n\t\t\t\t\t<a class=\"elementor-button elementor-button-link elementor-size-sm\" href=\"https:\/\/itech.lukasiewicz.gov.pl\/en\/publications-7\/\">\n\t\t\t\t\t\t<span class=\"elementor-button-content-wrapper\">\n\t\t\t\t\t\t\t\t\t<span class=\"elementor-button-text\">7<\/span>\n\t\t\t\t\t<\/span>\n\t\t\t\t\t<\/a>\n\t\t\t\t<\/div>\n\t\t\t\t\t\t\t\t<\/div>\n\t\t\t\t<\/div>\n\t\t\t\t<div class=\"elementor-element elementor-element-6271a72 elementor-widget elementor-widget-heading\" data-id=\"6271a72\" data-element_type=\"widget\" data-e-type=\"widget\" data-widget_type=\"heading.default\">\n\t\t\t\t<div class=\"elementor-widget-container\">\n\t\t\t\t\t<p class=\"elementor-heading-title elementor-size-default\"><a href=\"https:\/\/itech.lukasiewicz.gov.pl\/en\/publications-3\/\">&gt;&gt;&gt;<\/a><\/p>\t\t\t\t<\/div>\n\t\t\t\t<\/div>\n\t\t\t\t\t<\/div>\n\t\t\t\t<\/div>\n\t\t\t\t<\/div>\n\t\t","protected":false},"excerpt":{"rendered":"<p>Publications Reports, policy papers and expert commentary &lt;&lt;&lt; 1 3 4 5 6 7 &gt;&gt;&gt;<\/p>\n","protected":false},"author":316,"featured_media":0,"parent":0,"menu_order":0,"comment_status":"closed","ping_status":"closed","template":"","meta":{"_acf_changed":false,"_seopress_robots_primary_cat":"","_seopress_titles_title":"","_seopress_titles_desc":"","_seopress_robots_index":"","inline_featured_image":false,"footnotes":""},"class_list":["post-57815","page","type-page","status-publish","hentry"],"acf":{"page_icon":false},"publishpress_future_action":{"enabled":false,"date":"2026-05-06 22:36:43","action":"change-status","newStatus":"draft","terms":[],"taxonomy":"translation_priority","extraData":[]},"publishpress_future_workflow_manual_trigger":{"enabledWorkflows":[]},"_links":{"self":[{"href":"https:\/\/itech.lukasiewicz.gov.pl\/en\/wp-json\/wp\/v2\/pages\/57815","targetHints":{"allow":["GET"]}}],"collection":[{"href":"https:\/\/itech.lukasiewicz.gov.pl\/en\/wp-json\/wp\/v2\/pages"}],"about":[{"href":"https:\/\/itech.lukasiewicz.gov.pl\/en\/wp-json\/wp\/v2\/types\/page"}],"author":[{"embeddable":true,"href":"https:\/\/itech.lukasiewicz.gov.pl\/en\/wp-json\/wp\/v2\/users\/316"}],"replies":[{"embeddable":true,"href":"https:\/\/itech.lukasiewicz.gov.pl\/en\/wp-json\/wp\/v2\/comments?post=57815"}],"version-history":[{"count":5,"href":"https:\/\/itech.lukasiewicz.gov.pl\/en\/wp-json\/wp\/v2\/pages\/57815\/revisions"}],"predecessor-version":[{"id":57865,"href":"https:\/\/itech.lukasiewicz.gov.pl\/en\/wp-json\/wp\/v2\/pages\/57815\/revisions\/57865"}],"wp:attachment":[{"href":"https:\/\/itech.lukasiewicz.gov.pl\/en\/wp-json\/wp\/v2\/media?parent=57815"}],"curies":[{"name":"wp","href":"https:\/\/api.w.org\/{rel}","templated":true}]}}